{"id":1586,"date":"2024-07-10T07:27:43","date_gmt":"2024-07-10T07:27:43","guid":{"rendered":"https:\/\/casino.hospecat.com\/inmobiliaria\/?page_id=1586"},"modified":"2024-07-10T08:26:50","modified_gmt":"2024-07-10T08:26:50","slug":"promociones-realizadas-2","status":"publish","type":"page","link":"https:\/\/rvgrup.com\/inmobiliaria\/promociones-realizadas-2\/","title":{"rendered":"Promociones realizadas"},"content":{"rendered":"\t\t<div data-elementor-type=\"wp-page\" data-elementor-id=\"1586\" class=\"elementor elementor-1586\">\n\t\t\t\t<div class=\"elementor-element elementor-element-1aab426 e-flex e-con-boxed e-con e-parent\" data-id=\"1aab426\" data-element_type=\"container\" data-core-v316-plus=\"true\">\n\t\t\t\t\t<div class=\"e-con-inner\">\n\t\t<div class=\"elementor-element elementor-element-4fd9e04 e-con-full e-transform e-flex e-con e-child\" data-id=\"4fd9e04\" data-element_type=\"container\" data-settings=\"{&quot;_transform_scale_effect_hover&quot;:{&quot;unit&quot;:&quot;px&quot;,&quot;size&quot;:1.1,&quot;sizes&quot;:[]},&quot;_transform_scale_effect_hover_tablet&quot;:{&quot;unit&quot;:&quot;px&quot;,&quot;size&quot;:&quot;&quot;,&quot;sizes&quot;:[]},&quot;_transform_scale_effect_hover_mobile&quot;:{&quot;unit&quot;:&quot;px&quot;,&quot;size&quot;:&quot;&quot;,&quot;sizes&quot;:[]}}\">\n\t\t\t\t<div class=\"elementor-element elementor-element-b1657d2 elementor-widget elementor-widget-image\" data-id=\"b1657d2\" data-element_type=\"widget\" data-widget_type=\"image.default\">\n\t\t\t\t<div class=\"elementor-widget-container\">\n\t\t\t<style>\/*! elementor - v3.20.0 - 26-03-2024 *\/\n.elementor-widget-image{text-align:center}.elementor-widget-image a{display:inline-block}.elementor-widget-image a img[src$=\".svg\"]{width:48px}.elementor-widget-image img{vertical-align:middle;display:inline-block}<\/style>\t\t\t\t\t\t\t\t\t\t<img fetchpriority=\"high\" decoding=\"async\" width=\"600\" height=\"500\" src=\"https:\/\/rvgrup.com\/inmobiliaria\/wp-content\/uploads\/2024\/07\/calle-vallirana-42-barcelona.webp\" class=\"attachment-large size-large wp-image-1599\" alt=\"calle vallirana 42 barcelona\" srcset=\"https:\/\/rvgrup.com\/inmobiliaria\/wp-content\/uploads\/2024\/07\/calle-vallirana-42-barcelona.webp 600w, https:\/\/rvgrup.com\/inmobiliaria\/wp-content\/uploads\/2024\/07\/calle-vallirana-42-barcelona-300x250.webp 300w\" sizes=\"(max-width: 600px) 100vw, 600px\" \/>\t\t\t\t\t\t\t\t\t\t\t\t\t<\/div>\n\t\t\t\t<\/div>\n\t\t\t\t<div class=\"elementor-element elementor-element-1e8baf4 elementor-widget elementor-widget-text-editor\" data-id=\"1e8baf4\" data-element_type=\"widget\" data-widget_type=\"text-editor.default\">\n\t\t\t\t<div class=\"elementor-widget-container\">\n\t\t\t<style>\/*! elementor - v3.20.0 - 26-03-2024 *\/\n.elementor-widget-text-editor.elementor-drop-cap-view-stacked .elementor-drop-cap{background-color:#69727d;color:#fff}.elementor-widget-text-editor.elementor-drop-cap-view-framed .elementor-drop-cap{color:#69727d;border:3px solid;background-color:transparent}.elementor-widget-text-editor:not(.elementor-drop-cap-view-default) .elementor-drop-cap{margin-top:8px}.elementor-widget-text-editor:not(.elementor-drop-cap-view-default) .elementor-drop-cap-letter{width:1em;height:1em}.elementor-widget-text-editor .elementor-drop-cap{float:left;text-align:center;line-height:1;font-size:50px}.elementor-widget-text-editor .elementor-drop-cap-letter{display:inline-block}<\/style>\t\t\t\t<h3 style=\"text-align: center;\">Calle de Vallirana, 42 &#8211; Barcelona<\/h3><p>Edificio de 15 viviendas y 20 plazas de parking<\/p>\t\t\t\t\t\t<\/div>\n\t\t\t\t<\/div>\n\t\t\t\t<\/div>\n\t\t<div class=\"elementor-element elementor-element-a471733 e-con-full e-transform e-flex e-con e-child\" data-id=\"a471733\" data-element_type=\"container\" data-settings=\"{&quot;_transform_scale_effect_hover&quot;:{&quot;unit&quot;:&quot;px&quot;,&quot;size&quot;:1.1,&quot;sizes&quot;:[]},&quot;_transform_scale_effect_hover_tablet&quot;:{&quot;unit&quot;:&quot;px&quot;,&quot;size&quot;:&quot;&quot;,&quot;sizes&quot;:[]},&quot;_transform_scale_effect_hover_mobile&quot;:{&quot;unit&quot;:&quot;px&quot;,&quot;size&quot;:&quot;&quot;,&quot;sizes&quot;:[]}}\">\n\t\t\t\t<div class=\"elementor-element elementor-element-7d44c73 elementor-widget elementor-widget-image\" data-id=\"7d44c73\" data-element_type=\"widget\" data-widget_type=\"image.default\">\n\t\t\t\t<div class=\"elementor-widget-container\">\n\t\t\t\t\t\t\t\t\t\t\t\t\t<img decoding=\"async\" width=\"600\" height=\"500\" data-src=\"https:\/\/rvgrup.com\/inmobiliaria\/wp-content\/uploads\/2024\/07\/calle-rambla-de-poblenou-98-100-barcelona.webp\" class=\"attachment-large size-large wp-image-1598 lazyload\" alt=\"calle rambla de poblenou 98-100 barcelona\" data-srcset=\"https:\/\/rvgrup.com\/inmobiliaria\/wp-content\/uploads\/2024\/07\/calle-rambla-de-poblenou-98-100-barcelona.webp 600w, https:\/\/rvgrup.com\/inmobiliaria\/wp-content\/uploads\/2024\/07\/calle-rambla-de-poblenou-98-100-barcelona-300x250.webp 300w\" data-sizes=\"(max-width: 600px) 100vw, 600px\" src=\"data:image\/gif;base64,R0lGODlhAQABAAAAACH5BAEKAAEALAAAAAABAAEAAAICTAEAOw==\" style=\"--smush-placeholder-width: 600px; --smush-placeholder-aspect-ratio: 600\/500;\" \/><noscript><img decoding=\"async\" width=\"600\" height=\"500\" src=\"https:\/\/rvgrup.com\/inmobiliaria\/wp-content\/uploads\/2024\/07\/calle-rambla-de-poblenou-98-100-barcelona.webp\" class=\"attachment-large size-large wp-image-1598\" alt=\"calle rambla de poblenou 98-100 barcelona\" srcset=\"https:\/\/rvgrup.com\/inmobiliaria\/wp-content\/uploads\/2024\/07\/calle-rambla-de-poblenou-98-100-barcelona.webp 600w, https:\/\/rvgrup.com\/inmobiliaria\/wp-content\/uploads\/2024\/07\/calle-rambla-de-poblenou-98-100-barcelona-300x250.webp 300w\" sizes=\"(max-width: 600px) 100vw, 600px\" \/><\/noscript>\t\t\t\t\t\t\t\t\t\t\t\t\t<\/div>\n\t\t\t\t<\/div>\n\t\t\t\t<div class=\"elementor-element elementor-element-87615e3 elementor-widget elementor-widget-text-editor\" data-id=\"87615e3\" data-element_type=\"widget\" data-widget_type=\"text-editor.default\">\n\t\t\t\t<div class=\"elementor-widget-container\">\n\t\t\t\t\t\t\t<h3 style=\"text-align: center;\">Calle Rambla de Poblenou, 98\/100 &#8211; Barcelona<\/h3><p>Edificio de 20 viviendas, 30 plazas parking y 4 locales comerciales.<\/p>\t\t\t\t\t\t<\/div>\n\t\t\t\t<\/div>\n\t\t\t\t<\/div>\n\t\t<div class=\"elementor-element elementor-element-74aa333 e-con-full e-transform e-flex e-con e-child\" data-id=\"74aa333\" data-element_type=\"container\" data-settings=\"{&quot;_transform_scale_effect_hover&quot;:{&quot;unit&quot;:&quot;px&quot;,&quot;size&quot;:1.1,&quot;sizes&quot;:[]},&quot;_transform_scale_effect_hover_tablet&quot;:{&quot;unit&quot;:&quot;px&quot;,&quot;size&quot;:&quot;&quot;,&quot;sizes&quot;:[]},&quot;_transform_scale_effect_hover_mobile&quot;:{&quot;unit&quot;:&quot;px&quot;,&quot;size&quot;:&quot;&quot;,&quot;sizes&quot;:[]}}\">\n\t\t\t\t<div class=\"elementor-element elementor-element-808b133 elementor-widget elementor-widget-image\" data-id=\"808b133\" data-element_type=\"widget\" data-widget_type=\"image.default\">\n\t\t\t\t<div class=\"elementor-widget-container\">\n\t\t\t\t\t\t\t\t\t\t\t\t\t<img decoding=\"async\" width=\"600\" height=\"500\" data-src=\"https:\/\/rvgrup.com\/inmobiliaria\/wp-content\/uploads\/2024\/07\/avenida-torre-blanca-14-sant-joan-despi.webp\" class=\"attachment-large size-large wp-image-1597 lazyload\" alt=\"avenida torre blanca 14 sant joan despi\" data-srcset=\"https:\/\/rvgrup.com\/inmobiliaria\/wp-content\/uploads\/2024\/07\/avenida-torre-blanca-14-sant-joan-despi.webp 600w, https:\/\/rvgrup.com\/inmobiliaria\/wp-content\/uploads\/2024\/07\/avenida-torre-blanca-14-sant-joan-despi-300x250.webp 300w\" data-sizes=\"(max-width: 600px) 100vw, 600px\" src=\"data:image\/gif;base64,R0lGODlhAQABAAAAACH5BAEKAAEALAAAAAABAAEAAAICTAEAOw==\" style=\"--smush-placeholder-width: 600px; --smush-placeholder-aspect-ratio: 600\/500;\" \/><noscript><img decoding=\"async\" width=\"600\" height=\"500\" src=\"https:\/\/rvgrup.com\/inmobiliaria\/wp-content\/uploads\/2024\/07\/avenida-torre-blanca-14-sant-joan-despi.webp\" class=\"attachment-large size-large wp-image-1597\" alt=\"avenida torre blanca 14 sant joan despi\" srcset=\"https:\/\/rvgrup.com\/inmobiliaria\/wp-content\/uploads\/2024\/07\/avenida-torre-blanca-14-sant-joan-despi.webp 600w, https:\/\/rvgrup.com\/inmobiliaria\/wp-content\/uploads\/2024\/07\/avenida-torre-blanca-14-sant-joan-despi-300x250.webp 300w\" sizes=\"(max-width: 600px) 100vw, 600px\" \/><\/noscript>\t\t\t\t\t\t\t\t\t\t\t\t\t<\/div>\n\t\t\t\t<\/div>\n\t\t\t\t<div class=\"elementor-element elementor-element-5d1a300 elementor-widget elementor-widget-text-editor\" data-id=\"5d1a300\" data-element_type=\"widget\" data-widget_type=\"text-editor.default\">\n\t\t\t\t<div class=\"elementor-widget-container\">\n\t\t\t\t\t\t\t<h3 style=\"text-align: center;\">Avenida Torre Blanca, 14 &#8211; Sant Joan Desp\u00ed<\/h3><p>Construcci\u00f3n de 24 viviendas unifamiliares<\/p>\t\t\t\t\t\t<\/div>\n\t\t\t\t<\/div>\n\t\t\t\t<\/div>\n\t\t\t\t\t<\/div>\n\t\t\t\t<\/div>\n\t\t<div class=\"elementor-element elementor-element-58fd4d9 e-flex e-con-boxed e-con e-parent\" data-id=\"58fd4d9\" data-element_type=\"container\" data-core-v316-plus=\"true\">\n\t\t\t\t\t<div class=\"e-con-inner\">\n\t\t<div class=\"elementor-element elementor-element-60f9d87 e-con-full e-transform e-flex e-con e-child\" data-id=\"60f9d87\" data-element_type=\"container\" data-settings=\"{&quot;_transform_scale_effect_hover&quot;:{&quot;unit&quot;:&quot;px&quot;,&quot;size&quot;:1.1,&quot;sizes&quot;:[]},&quot;_transform_scale_effect_hover_tablet&quot;:{&quot;unit&quot;:&quot;px&quot;,&quot;size&quot;:&quot;&quot;,&quot;sizes&quot;:[]},&quot;_transform_scale_effect_hover_mobile&quot;:{&quot;unit&quot;:&quot;px&quot;,&quot;size&quot;:&quot;&quot;,&quot;sizes&quot;:[]}}\">\n\t\t\t\t<div class=\"elementor-element elementor-element-d8ffc36 elementor-widget elementor-widget-image\" data-id=\"d8ffc36\" data-element_type=\"widget\" data-widget_type=\"image.default\">\n\t\t\t\t<div class=\"elementor-widget-container\">\n\t\t\t\t\t\t\t\t\t\t\t\t\t<img loading=\"lazy\" decoding=\"async\" width=\"600\" height=\"500\" data-src=\"https:\/\/rvgrup.com\/inmobiliaria\/wp-content\/uploads\/2024\/07\/avenida-torre-blanca-22-sant-joan-despi.webp\" class=\"attachment-large size-large wp-image-1596 lazyload\" alt=\"avenida torre blanca 22 sant joan despi\" data-srcset=\"https:\/\/rvgrup.com\/inmobiliaria\/wp-content\/uploads\/2024\/07\/avenida-torre-blanca-22-sant-joan-despi.webp 600w, https:\/\/rvgrup.com\/inmobiliaria\/wp-content\/uploads\/2024\/07\/avenida-torre-blanca-22-sant-joan-despi-300x250.webp 300w\" data-sizes=\"(max-width: 600px) 100vw, 600px\" src=\"data:image\/gif;base64,R0lGODlhAQABAAAAACH5BAEKAAEALAAAAAABAAEAAAICTAEAOw==\" style=\"--smush-placeholder-width: 600px; --smush-placeholder-aspect-ratio: 600\/500;\" \/><noscript><img loading=\"lazy\" decoding=\"async\" width=\"600\" height=\"500\" src=\"https:\/\/rvgrup.com\/inmobiliaria\/wp-content\/uploads\/2024\/07\/avenida-torre-blanca-22-sant-joan-despi.webp\" class=\"attachment-large size-large wp-image-1596\" alt=\"avenida torre blanca 22 sant joan despi\" srcset=\"https:\/\/rvgrup.com\/inmobiliaria\/wp-content\/uploads\/2024\/07\/avenida-torre-blanca-22-sant-joan-despi.webp 600w, https:\/\/rvgrup.com\/inmobiliaria\/wp-content\/uploads\/2024\/07\/avenida-torre-blanca-22-sant-joan-despi-300x250.webp 300w\" sizes=\"(max-width: 600px) 100vw, 600px\" \/><\/noscript>\t\t\t\t\t\t\t\t\t\t\t\t\t<\/div>\n\t\t\t\t<\/div>\n\t\t\t\t<div class=\"elementor-element elementor-element-231cbdf elementor-widget elementor-widget-text-editor\" data-id=\"231cbdf\" data-element_type=\"widget\" data-widget_type=\"text-editor.default\">\n\t\t\t\t<div class=\"elementor-widget-container\">\n\t\t\t\t\t\t\t<h3 style=\"text-align: center;\">Avenida Torre Blanca, 22 &#8211; Sant Joan Desp\u00ed<\/h3><p>Construcci\u00f3n de 48 viviendas pluriafamiliares y 20 plazas de parkings.<\/p>\t\t\t\t\t\t<\/div>\n\t\t\t\t<\/div>\n\t\t\t\t<\/div>\n\t\t<div class=\"elementor-element elementor-element-775cdf4 e-con-full e-transform e-flex e-con e-child\" data-id=\"775cdf4\" data-element_type=\"container\" data-settings=\"{&quot;_transform_scale_effect_hover&quot;:{&quot;unit&quot;:&quot;px&quot;,&quot;size&quot;:1.1,&quot;sizes&quot;:[]},&quot;_transform_scale_effect_hover_tablet&quot;:{&quot;unit&quot;:&quot;px&quot;,&quot;size&quot;:&quot;&quot;,&quot;sizes&quot;:[]},&quot;_transform_scale_effect_hover_mobile&quot;:{&quot;unit&quot;:&quot;px&quot;,&quot;size&quot;:&quot;&quot;,&quot;sizes&quot;:[]}}\">\n\t\t\t\t<div class=\"elementor-element elementor-element-dc9b551 elementor-widget elementor-widget-image\" data-id=\"dc9b551\" data-element_type=\"widget\" data-widget_type=\"image.default\">\n\t\t\t\t<div class=\"elementor-widget-container\">\n\t\t\t\t\t\t\t\t\t\t\t\t\t<img loading=\"lazy\" decoding=\"async\" width=\"600\" height=\"500\" data-src=\"https:\/\/rvgrup.com\/inmobiliaria\/wp-content\/uploads\/2024\/07\/avenida-lluis-companys-21-sant-joan-despi.webp\" class=\"attachment-large size-large wp-image-1595 lazyload\" alt=\"\" data-srcset=\"https:\/\/rvgrup.com\/inmobiliaria\/wp-content\/uploads\/2024\/07\/avenida-lluis-companys-21-sant-joan-despi.webp 600w, https:\/\/rvgrup.com\/inmobiliaria\/wp-content\/uploads\/2024\/07\/avenida-lluis-companys-21-sant-joan-despi-300x250.webp 300w\" data-sizes=\"(max-width: 600px) 100vw, 600px\" src=\"data:image\/gif;base64,R0lGODlhAQABAAAAACH5BAEKAAEALAAAAAABAAEAAAICTAEAOw==\" style=\"--smush-placeholder-width: 600px; --smush-placeholder-aspect-ratio: 600\/500;\" \/><noscript><img loading=\"lazy\" decoding=\"async\" width=\"600\" height=\"500\" src=\"https:\/\/rvgrup.com\/inmobiliaria\/wp-content\/uploads\/2024\/07\/avenida-lluis-companys-21-sant-joan-despi.webp\" class=\"attachment-large size-large wp-image-1595\" alt=\"\" srcset=\"https:\/\/rvgrup.com\/inmobiliaria\/wp-content\/uploads\/2024\/07\/avenida-lluis-companys-21-sant-joan-despi.webp 600w, https:\/\/rvgrup.com\/inmobiliaria\/wp-content\/uploads\/2024\/07\/avenida-lluis-companys-21-sant-joan-despi-300x250.webp 300w\" sizes=\"(max-width: 600px) 100vw, 600px\" \/><\/noscript>\t\t\t\t\t\t\t\t\t\t\t\t\t<\/div>\n\t\t\t\t<\/div>\n\t\t\t\t<div class=\"elementor-element elementor-element-41e9f5f elementor-widget elementor-widget-text-editor\" data-id=\"41e9f5f\" data-element_type=\"widget\" data-widget_type=\"text-editor.default\">\n\t\t\t\t<div class=\"elementor-widget-container\">\n\t\t\t\t\t\t\t<h3 style=\"text-align: center;\">Avenida Llu\u00eds Companys, 21 &#8211; Sant Joan Desp\u00ed<\/h3><p>Construcci\u00f3n de tres edificios de viviendas plurifamiliares de 48 pisos sumando un total de 144 pisos y 60 plazas de parking.<\/p>\t\t\t\t\t\t<\/div>\n\t\t\t\t<\/div>\n\t\t\t\t<\/div>\n\t\t<div class=\"elementor-element elementor-element-b59e746 e-con-full e-transform e-flex e-con e-child\" data-id=\"b59e746\" data-element_type=\"container\" data-settings=\"{&quot;_transform_scale_effect_hover&quot;:{&quot;unit&quot;:&quot;px&quot;,&quot;size&quot;:1.1,&quot;sizes&quot;:[]},&quot;_transform_scale_effect_hover_tablet&quot;:{&quot;unit&quot;:&quot;px&quot;,&quot;size&quot;:&quot;&quot;,&quot;sizes&quot;:[]},&quot;_transform_scale_effect_hover_mobile&quot;:{&quot;unit&quot;:&quot;px&quot;,&quot;size&quot;:&quot;&quot;,&quot;sizes&quot;:[]}}\">\n\t\t\t\t<div class=\"elementor-element elementor-element-8cb0777 elementor-widget elementor-widget-image\" data-id=\"8cb0777\" data-element_type=\"widget\" data-widget_type=\"image.default\">\n\t\t\t\t<div class=\"elementor-widget-container\">\n\t\t\t\t\t\t\t\t\t\t\t\t\t<img loading=\"lazy\" decoding=\"async\" width=\"600\" height=\"500\" data-src=\"https:\/\/rvgrup.com\/inmobiliaria\/wp-content\/uploads\/2024\/07\/calle-roger-de-flor-138-barcelona.webp\" class=\"attachment-large size-large wp-image-1594 lazyload\" alt=\"calle roger de flor 138 barcelona\" data-srcset=\"https:\/\/rvgrup.com\/inmobiliaria\/wp-content\/uploads\/2024\/07\/calle-roger-de-flor-138-barcelona.webp 600w, https:\/\/rvgrup.com\/inmobiliaria\/wp-content\/uploads\/2024\/07\/calle-roger-de-flor-138-barcelona-300x250.webp 300w\" data-sizes=\"(max-width: 600px) 100vw, 600px\" src=\"data:image\/gif;base64,R0lGODlhAQABAAAAACH5BAEKAAEALAAAAAABAAEAAAICTAEAOw==\" style=\"--smush-placeholder-width: 600px; --smush-placeholder-aspect-ratio: 600\/500;\" \/><noscript><img loading=\"lazy\" decoding=\"async\" width=\"600\" height=\"500\" src=\"https:\/\/rvgrup.com\/inmobiliaria\/wp-content\/uploads\/2024\/07\/calle-roger-de-flor-138-barcelona.webp\" class=\"attachment-large size-large wp-image-1594\" alt=\"calle roger de flor 138 barcelona\" srcset=\"https:\/\/rvgrup.com\/inmobiliaria\/wp-content\/uploads\/2024\/07\/calle-roger-de-flor-138-barcelona.webp 600w, https:\/\/rvgrup.com\/inmobiliaria\/wp-content\/uploads\/2024\/07\/calle-roger-de-flor-138-barcelona-300x250.webp 300w\" sizes=\"(max-width: 600px) 100vw, 600px\" \/><\/noscript>\t\t\t\t\t\t\t\t\t\t\t\t\t<\/div>\n\t\t\t\t<\/div>\n\t\t\t\t<div class=\"elementor-element elementor-element-dd4341d elementor-widget elementor-widget-text-editor\" data-id=\"dd4341d\" data-element_type=\"widget\" data-widget_type=\"text-editor.default\">\n\t\t\t\t<div class=\"elementor-widget-container\">\n\t\t\t\t\t\t\t<h3 style=\"text-align: center;\">Calle Roger de Flor, 138 &#8211; Barcelona<\/h3><p>Edificio de 15 viviendas, 20 plazas de parking y dos locales comerciales.<\/p>\t\t\t\t\t\t<\/div>\n\t\t\t\t<\/div>\n\t\t\t\t<\/div>\n\t\t\t\t\t<\/div>\n\t\t\t\t<\/div>\n\t\t<div class=\"elementor-element elementor-element-8791d24 e-flex e-con-boxed e-con e-parent\" data-id=\"8791d24\" data-element_type=\"container\" data-core-v316-plus=\"true\">\n\t\t\t\t\t<div class=\"e-con-inner\">\n\t\t<div class=\"elementor-element elementor-element-6378691 e-con-full e-transform e-flex e-con e-child\" data-id=\"6378691\" data-element_type=\"container\" data-settings=\"{&quot;_transform_scale_effect_hover&quot;:{&quot;unit&quot;:&quot;px&quot;,&quot;size&quot;:1.1,&quot;sizes&quot;:[]},&quot;_transform_scale_effect_hover_tablet&quot;:{&quot;unit&quot;:&quot;px&quot;,&quot;size&quot;:&quot;&quot;,&quot;sizes&quot;:[]},&quot;_transform_scale_effect_hover_mobile&quot;:{&quot;unit&quot;:&quot;px&quot;,&quot;size&quot;:&quot;&quot;,&quot;sizes&quot;:[]}}\">\n\t\t\t\t<div class=\"elementor-element elementor-element-c6229a4 elementor-widget elementor-widget-image\" data-id=\"c6229a4\" data-element_type=\"widget\" data-widget_type=\"image.default\">\n\t\t\t\t<div class=\"elementor-widget-container\">\n\t\t\t\t\t\t\t\t\t\t\t\t\t<img loading=\"lazy\" decoding=\"async\" width=\"600\" height=\"500\" data-src=\"https:\/\/rvgrup.com\/inmobiliaria\/wp-content\/uploads\/2024\/07\/ronda-guinardo-23-calle-siglo-x-26-28-barcelona.webp\" class=\"attachment-large size-large wp-image-1593 lazyload\" alt=\"ronda guinardo 23 calle siglo x 26-28 barcelona\" data-srcset=\"https:\/\/rvgrup.com\/inmobiliaria\/wp-content\/uploads\/2024\/07\/ronda-guinardo-23-calle-siglo-x-26-28-barcelona.webp 600w, https:\/\/rvgrup.com\/inmobiliaria\/wp-content\/uploads\/2024\/07\/ronda-guinardo-23-calle-siglo-x-26-28-barcelona-300x250.webp 300w\" data-sizes=\"(max-width: 600px) 100vw, 600px\" src=\"data:image\/gif;base64,R0lGODlhAQABAAAAACH5BAEKAAEALAAAAAABAAEAAAICTAEAOw==\" style=\"--smush-placeholder-width: 600px; --smush-placeholder-aspect-ratio: 600\/500;\" \/><noscript><img loading=\"lazy\" decoding=\"async\" width=\"600\" height=\"500\" src=\"https:\/\/rvgrup.com\/inmobiliaria\/wp-content\/uploads\/2024\/07\/ronda-guinardo-23-calle-siglo-x-26-28-barcelona.webp\" class=\"attachment-large size-large wp-image-1593\" alt=\"ronda guinardo 23 calle siglo x 26-28 barcelona\" srcset=\"https:\/\/rvgrup.com\/inmobiliaria\/wp-content\/uploads\/2024\/07\/ronda-guinardo-23-calle-siglo-x-26-28-barcelona.webp 600w, https:\/\/rvgrup.com\/inmobiliaria\/wp-content\/uploads\/2024\/07\/ronda-guinardo-23-calle-siglo-x-26-28-barcelona-300x250.webp 300w\" sizes=\"(max-width: 600px) 100vw, 600px\" \/><\/noscript>\t\t\t\t\t\t\t\t\t\t\t\t\t<\/div>\n\t\t\t\t<\/div>\n\t\t\t\t<div class=\"elementor-element elementor-element-459767c elementor-widget elementor-widget-text-editor\" data-id=\"459767c\" data-element_type=\"widget\" data-widget_type=\"text-editor.default\">\n\t\t\t\t<div class=\"elementor-widget-container\">\n\t\t\t\t\t\t\t<h3 style=\"text-align: center;\">Ronda Guinard\u00f3 23, Calle Siglo XX, 26\/28 &#8211; Barcelona<\/h3><p>Edificio de 30 viviendas, 110 plazas de parking y 8 locales comerciales.<\/p>\t\t\t\t\t\t<\/div>\n\t\t\t\t<\/div>\n\t\t\t\t<\/div>\n\t\t<div class=\"elementor-element elementor-element-974f962 e-con-full e-transform e-flex e-con e-child\" data-id=\"974f962\" data-element_type=\"container\" data-settings=\"{&quot;_transform_scale_effect_hover&quot;:{&quot;unit&quot;:&quot;px&quot;,&quot;size&quot;:1.1,&quot;sizes&quot;:[]},&quot;_transform_scale_effect_hover_tablet&quot;:{&quot;unit&quot;:&quot;px&quot;,&quot;size&quot;:&quot;&quot;,&quot;sizes&quot;:[]},&quot;_transform_scale_effect_hover_mobile&quot;:{&quot;unit&quot;:&quot;px&quot;,&quot;size&quot;:&quot;&quot;,&quot;sizes&quot;:[]}}\">\n\t\t\t\t<div class=\"elementor-element elementor-element-ed986e7 elementor-widget elementor-widget-image\" data-id=\"ed986e7\" data-element_type=\"widget\" data-widget_type=\"image.default\">\n\t\t\t\t<div class=\"elementor-widget-container\">\n\t\t\t\t\t\t\t\t\t\t\t\t\t<img loading=\"lazy\" decoding=\"async\" width=\"600\" height=\"500\" data-src=\"https:\/\/rvgrup.com\/inmobiliaria\/wp-content\/uploads\/2024\/07\/Calle-Besalu-24-\u2013-26-\u2013-Barcelona.webp\" class=\"attachment-large size-large wp-image-1592 lazyload\" alt=\"Calle Besal\u00fa 24 \u2013 26 \u2013 Barcelona\" data-srcset=\"https:\/\/rvgrup.com\/inmobiliaria\/wp-content\/uploads\/2024\/07\/Calle-Besalu-24-\u2013-26-\u2013-Barcelona.webp 600w, https:\/\/rvgrup.com\/inmobiliaria\/wp-content\/uploads\/2024\/07\/Calle-Besalu-24-\u2013-26-\u2013-Barcelona-300x250.webp 300w\" data-sizes=\"(max-width: 600px) 100vw, 600px\" src=\"data:image\/gif;base64,R0lGODlhAQABAAAAACH5BAEKAAEALAAAAAABAAEAAAICTAEAOw==\" style=\"--smush-placeholder-width: 600px; --smush-placeholder-aspect-ratio: 600\/500;\" \/><noscript><img loading=\"lazy\" decoding=\"async\" width=\"600\" height=\"500\" src=\"https:\/\/rvgrup.com\/inmobiliaria\/wp-content\/uploads\/2024\/07\/Calle-Besalu-24-\u2013-26-\u2013-Barcelona.webp\" class=\"attachment-large size-large wp-image-1592\" alt=\"Calle Besal\u00fa 24 \u2013 26 \u2013 Barcelona\" srcset=\"https:\/\/rvgrup.com\/inmobiliaria\/wp-content\/uploads\/2024\/07\/Calle-Besalu-24-\u2013-26-\u2013-Barcelona.webp 600w, https:\/\/rvgrup.com\/inmobiliaria\/wp-content\/uploads\/2024\/07\/Calle-Besalu-24-\u2013-26-\u2013-Barcelona-300x250.webp 300w\" sizes=\"(max-width: 600px) 100vw, 600px\" \/><\/noscript>\t\t\t\t\t\t\t\t\t\t\t\t\t<\/div>\n\t\t\t\t<\/div>\n\t\t\t\t<div class=\"elementor-element elementor-element-bc7ad58 elementor-widget elementor-widget-text-editor\" data-id=\"bc7ad58\" data-element_type=\"widget\" data-widget_type=\"text-editor.default\">\n\t\t\t\t<div class=\"elementor-widget-container\">\n\t\t\t\t\t\t\t<h3 style=\"text-align: center;\">Calle Besal\u00fa 24\/26 &#8211; Barcelona<\/h3><p>Edificio de 15 viviendas, 30 plazas parking y 2 locales comerciales.<\/p>\t\t\t\t\t\t<\/div>\n\t\t\t\t<\/div>\n\t\t\t\t<\/div>\n\t\t<div class=\"elementor-element elementor-element-0481e4a e-con-full e-transform e-flex e-con e-child\" data-id=\"0481e4a\" data-element_type=\"container\" data-settings=\"{&quot;_transform_scale_effect_hover&quot;:{&quot;unit&quot;:&quot;px&quot;,&quot;size&quot;:1.1,&quot;sizes&quot;:[]},&quot;_transform_scale_effect_hover_tablet&quot;:{&quot;unit&quot;:&quot;px&quot;,&quot;size&quot;:&quot;&quot;,&quot;sizes&quot;:[]},&quot;_transform_scale_effect_hover_mobile&quot;:{&quot;unit&quot;:&quot;px&quot;,&quot;size&quot;:&quot;&quot;,&quot;sizes&quot;:[]}}\">\n\t\t\t\t<div class=\"elementor-element elementor-element-b861e00 elementor-widget elementor-widget-image\" data-id=\"b861e00\" data-element_type=\"widget\" data-widget_type=\"image.default\">\n\t\t\t\t<div class=\"elementor-widget-container\">\n\t\t\t\t\t\t\t\t\t\t\t\t\t<img loading=\"lazy\" decoding=\"async\" width=\"600\" height=\"500\" data-src=\"https:\/\/rvgrup.com\/inmobiliaria\/wp-content\/uploads\/2024\/07\/Calle-Llobregos-esq.-Pasaje-Mari-74.webp\" class=\"attachment-large size-large wp-image-1591 lazyload\" alt=\"Calle Llobreg\u00f3s esq. Pasaje Mari 74\" data-srcset=\"https:\/\/rvgrup.com\/inmobiliaria\/wp-content\/uploads\/2024\/07\/Calle-Llobregos-esq.-Pasaje-Mari-74.webp 600w, https:\/\/rvgrup.com\/inmobiliaria\/wp-content\/uploads\/2024\/07\/Calle-Llobregos-esq.-Pasaje-Mari-74-300x250.webp 300w\" data-sizes=\"(max-width: 600px) 100vw, 600px\" src=\"data:image\/gif;base64,R0lGODlhAQABAAAAACH5BAEKAAEALAAAAAABAAEAAAICTAEAOw==\" style=\"--smush-placeholder-width: 600px; --smush-placeholder-aspect-ratio: 600\/500;\" \/><noscript><img loading=\"lazy\" decoding=\"async\" width=\"600\" height=\"500\" src=\"https:\/\/rvgrup.com\/inmobiliaria\/wp-content\/uploads\/2024\/07\/Calle-Llobregos-esq.-Pasaje-Mari-74.webp\" class=\"attachment-large size-large wp-image-1591\" alt=\"Calle Llobreg\u00f3s esq. Pasaje Mari 74\" srcset=\"https:\/\/rvgrup.com\/inmobiliaria\/wp-content\/uploads\/2024\/07\/Calle-Llobregos-esq.-Pasaje-Mari-74.webp 600w, https:\/\/rvgrup.com\/inmobiliaria\/wp-content\/uploads\/2024\/07\/Calle-Llobregos-esq.-Pasaje-Mari-74-300x250.webp 300w\" sizes=\"(max-width: 600px) 100vw, 600px\" \/><\/noscript>\t\t\t\t\t\t\t\t\t\t\t\t\t<\/div>\n\t\t\t\t<\/div>\n\t\t\t\t<div class=\"elementor-element elementor-element-1074215 elementor-widget elementor-widget-text-editor\" data-id=\"1074215\" data-element_type=\"widget\" data-widget_type=\"text-editor.default\">\n\t\t\t\t<div class=\"elementor-widget-container\">\n\t\t\t\t\t\t\t<h3 style=\"text-align: center;\">Calle Llobreg\u00f3s esq. Pasaje Mari 74<\/h3><p>Edificio de 15 viviendas y 30 plazas de parking.<\/p>\t\t\t\t\t\t<\/div>\n\t\t\t\t<\/div>\n\t\t\t\t<\/div>\n\t\t\t\t\t<\/div>\n\t\t\t\t<\/div>\n\t\t<div class=\"elementor-element elementor-element-fbbab2c e-flex e-con-boxed e-con e-parent\" data-id=\"fbbab2c\" data-element_type=\"container\" data-core-v316-plus=\"true\">\n\t\t\t\t\t<div class=\"e-con-inner\">\n\t\t<div class=\"elementor-element elementor-element-e7aff76 e-con-full e-transform e-flex e-con e-child\" data-id=\"e7aff76\" data-element_type=\"container\" data-settings=\"{&quot;_transform_scale_effect_hover&quot;:{&quot;unit&quot;:&quot;px&quot;,&quot;size&quot;:1.1,&quot;sizes&quot;:[]},&quot;_transform_scale_effect_hover_tablet&quot;:{&quot;unit&quot;:&quot;px&quot;,&quot;size&quot;:&quot;&quot;,&quot;sizes&quot;:[]},&quot;_transform_scale_effect_hover_mobile&quot;:{&quot;unit&quot;:&quot;px&quot;,&quot;size&quot;:&quot;&quot;,&quot;sizes&quot;:[]}}\">\n\t\t\t\t<div class=\"elementor-element elementor-element-433cd2b elementor-widget elementor-widget-image\" data-id=\"433cd2b\" data-element_type=\"widget\" data-widget_type=\"image.default\">\n\t\t\t\t<div class=\"elementor-widget-container\">\n\t\t\t\t\t\t\t\t\t\t\t\t\t<img loading=\"lazy\" decoding=\"async\" width=\"600\" height=\"500\" data-src=\"https:\/\/rvgrup.com\/inmobiliaria\/wp-content\/uploads\/2024\/07\/Calle-Nuestra-Senora-del-Coll-52-\u2013-56-\u2013-Barcelona.webp\" class=\"attachment-large size-large wp-image-1590 lazyload\" alt=\"Calle Nuestra Se\u00f1ora del Coll, 52 \u2013 56 \u2013 Barcelona\" data-srcset=\"https:\/\/rvgrup.com\/inmobiliaria\/wp-content\/uploads\/2024\/07\/Calle-Nuestra-Senora-del-Coll-52-\u2013-56-\u2013-Barcelona.webp 600w, https:\/\/rvgrup.com\/inmobiliaria\/wp-content\/uploads\/2024\/07\/Calle-Nuestra-Senora-del-Coll-52-\u2013-56-\u2013-Barcelona-300x250.webp 300w\" data-sizes=\"(max-width: 600px) 100vw, 600px\" src=\"data:image\/gif;base64,R0lGODlhAQABAAAAACH5BAEKAAEALAAAAAABAAEAAAICTAEAOw==\" style=\"--smush-placeholder-width: 600px; --smush-placeholder-aspect-ratio: 600\/500;\" \/><noscript><img loading=\"lazy\" decoding=\"async\" width=\"600\" height=\"500\" src=\"https:\/\/rvgrup.com\/inmobiliaria\/wp-content\/uploads\/2024\/07\/Calle-Nuestra-Senora-del-Coll-52-\u2013-56-\u2013-Barcelona.webp\" class=\"attachment-large size-large wp-image-1590\" alt=\"Calle Nuestra Se\u00f1ora del Coll, 52 \u2013 56 \u2013 Barcelona\" srcset=\"https:\/\/rvgrup.com\/inmobiliaria\/wp-content\/uploads\/2024\/07\/Calle-Nuestra-Senora-del-Coll-52-\u2013-56-\u2013-Barcelona.webp 600w, https:\/\/rvgrup.com\/inmobiliaria\/wp-content\/uploads\/2024\/07\/Calle-Nuestra-Senora-del-Coll-52-\u2013-56-\u2013-Barcelona-300x250.webp 300w\" sizes=\"(max-width: 600px) 100vw, 600px\" \/><\/noscript>\t\t\t\t\t\t\t\t\t\t\t\t\t<\/div>\n\t\t\t\t<\/div>\n\t\t\t\t<div class=\"elementor-element elementor-element-bcf12e3 elementor-widget elementor-widget-text-editor\" data-id=\"bcf12e3\" data-element_type=\"widget\" data-widget_type=\"text-editor.default\">\n\t\t\t\t<div class=\"elementor-widget-container\">\n\t\t\t\t\t\t\t<h3 style=\"text-align: center;\">Calle Nuestra Se\u00f1ora del Coll, 52\/56 &#8211; Barcelona<\/h3><p>Edificio de 20 viviendas, 35 plazas de parking y dos locales comerciales.<\/p>\t\t\t\t\t\t<\/div>\n\t\t\t\t<\/div>\n\t\t\t\t<\/div>\n\t\t<div class=\"elementor-element elementor-element-1cc237c e-con-full e-transform e-flex e-con e-child\" data-id=\"1cc237c\" data-element_type=\"container\" data-settings=\"{&quot;_transform_scale_effect_hover&quot;:{&quot;unit&quot;:&quot;px&quot;,&quot;size&quot;:1.1,&quot;sizes&quot;:[]},&quot;_transform_scale_effect_hover_tablet&quot;:{&quot;unit&quot;:&quot;px&quot;,&quot;size&quot;:&quot;&quot;,&quot;sizes&quot;:[]},&quot;_transform_scale_effect_hover_mobile&quot;:{&quot;unit&quot;:&quot;px&quot;,&quot;size&quot;:&quot;&quot;,&quot;sizes&quot;:[]}}\">\n\t\t\t\t<div class=\"elementor-element elementor-element-bcf9983 elementor-widget elementor-widget-image\" data-id=\"bcf9983\" data-element_type=\"widget\" data-widget_type=\"image.default\">\n\t\t\t\t<div class=\"elementor-widget-container\">\n\t\t\t\t\t\t\t\t\t\t\t\t\t<img loading=\"lazy\" decoding=\"async\" width=\"600\" height=\"500\" data-src=\"https:\/\/rvgrup.com\/inmobiliaria\/wp-content\/uploads\/2024\/07\/Gran-Via-996-\u2013-Barcelona.webp\" class=\"attachment-large size-large wp-image-1589 lazyload\" alt=\"Gran Via 996 \u2013 Barcelona\" data-srcset=\"https:\/\/rvgrup.com\/inmobiliaria\/wp-content\/uploads\/2024\/07\/Gran-Via-996-\u2013-Barcelona.webp 600w, https:\/\/rvgrup.com\/inmobiliaria\/wp-content\/uploads\/2024\/07\/Gran-Via-996-\u2013-Barcelona-300x250.webp 300w\" data-sizes=\"(max-width: 600px) 100vw, 600px\" src=\"data:image\/gif;base64,R0lGODlhAQABAAAAACH5BAEKAAEALAAAAAABAAEAAAICTAEAOw==\" style=\"--smush-placeholder-width: 600px; --smush-placeholder-aspect-ratio: 600\/500;\" \/><noscript><img loading=\"lazy\" decoding=\"async\" width=\"600\" height=\"500\" src=\"https:\/\/rvgrup.com\/inmobiliaria\/wp-content\/uploads\/2024\/07\/Gran-Via-996-\u2013-Barcelona.webp\" class=\"attachment-large size-large wp-image-1589\" alt=\"Gran Via 996 \u2013 Barcelona\" srcset=\"https:\/\/rvgrup.com\/inmobiliaria\/wp-content\/uploads\/2024\/07\/Gran-Via-996-\u2013-Barcelona.webp 600w, https:\/\/rvgrup.com\/inmobiliaria\/wp-content\/uploads\/2024\/07\/Gran-Via-996-\u2013-Barcelona-300x250.webp 300w\" sizes=\"(max-width: 600px) 100vw, 600px\" \/><\/noscript>\t\t\t\t\t\t\t\t\t\t\t\t\t<\/div>\n\t\t\t\t<\/div>\n\t\t\t\t<div class=\"elementor-element elementor-element-c439dac elementor-widget elementor-widget-text-editor\" data-id=\"c439dac\" data-element_type=\"widget\" data-widget_type=\"text-editor.default\">\n\t\t\t\t<div class=\"elementor-widget-container\">\n\t\t\t\t\t\t\t<h3 style=\"text-align: center;\">Gran V\u00eda 996 &#8211; Barcelona<\/h3><p>Edificio de 20 viviendas, 35 plazas de parking y dos locales comerciales.<\/p>\t\t\t\t\t\t<\/div>\n\t\t\t\t<\/div>\n\t\t\t\t<\/div>\n\t\t<div class=\"elementor-element elementor-element-fa43190 e-con-full e-transform e-flex e-con e-child\" data-id=\"fa43190\" data-element_type=\"container\" data-settings=\"{&quot;_transform_scale_effect_hover&quot;:{&quot;unit&quot;:&quot;px&quot;,&quot;size&quot;:1.1,&quot;sizes&quot;:[]},&quot;_transform_scale_effect_hover_tablet&quot;:{&quot;unit&quot;:&quot;px&quot;,&quot;size&quot;:&quot;&quot;,&quot;sizes&quot;:[]},&quot;_transform_scale_effect_hover_mobile&quot;:{&quot;unit&quot;:&quot;px&quot;,&quot;size&quot;:&quot;&quot;,&quot;sizes&quot;:[]}}\">\n\t\t\t\t<div class=\"elementor-element elementor-element-46a48ef elementor-widget elementor-widget-image\" data-id=\"46a48ef\" data-element_type=\"widget\" data-widget_type=\"image.default\">\n\t\t\t\t<div class=\"elementor-widget-container\">\n\t\t\t\t\t\t\t\t\t\t\t\t\t<img loading=\"lazy\" decoding=\"async\" width=\"600\" height=\"500\" data-src=\"https:\/\/rvgrup.com\/inmobiliaria\/wp-content\/uploads\/2024\/07\/Calle-Almeria-1-3-Cross-12-14-\u2013-Barcelona.webp\" class=\"attachment-large size-large wp-image-1608 lazyload\" alt=\"Calle Almer\u00eda, 1-3, Cross 12-14 \u2013 Barcelona\" data-srcset=\"https:\/\/rvgrup.com\/inmobiliaria\/wp-content\/uploads\/2024\/07\/Calle-Almeria-1-3-Cross-12-14-\u2013-Barcelona.webp 600w, https:\/\/rvgrup.com\/inmobiliaria\/wp-content\/uploads\/2024\/07\/Calle-Almeria-1-3-Cross-12-14-\u2013-Barcelona-300x250.webp 300w\" data-sizes=\"(max-width: 600px) 100vw, 600px\" src=\"data:image\/gif;base64,R0lGODlhAQABAAAAACH5BAEKAAEALAAAAAABAAEAAAICTAEAOw==\" style=\"--smush-placeholder-width: 600px; --smush-placeholder-aspect-ratio: 600\/500;\" \/><noscript><img loading=\"lazy\" decoding=\"async\" width=\"600\" height=\"500\" src=\"https:\/\/rvgrup.com\/inmobiliaria\/wp-content\/uploads\/2024\/07\/Calle-Almeria-1-3-Cross-12-14-\u2013-Barcelona.webp\" class=\"attachment-large size-large wp-image-1608\" alt=\"Calle Almer\u00eda, 1-3, Cross 12-14 \u2013 Barcelona\" srcset=\"https:\/\/rvgrup.com\/inmobiliaria\/wp-content\/uploads\/2024\/07\/Calle-Almeria-1-3-Cross-12-14-\u2013-Barcelona.webp 600w, https:\/\/rvgrup.com\/inmobiliaria\/wp-content\/uploads\/2024\/07\/Calle-Almeria-1-3-Cross-12-14-\u2013-Barcelona-300x250.webp 300w\" sizes=\"(max-width: 600px) 100vw, 600px\" \/><\/noscript>\t\t\t\t\t\t\t\t\t\t\t\t\t<\/div>\n\t\t\t\t<\/div>\n\t\t\t\t<div class=\"elementor-element elementor-element-8b04c86 elementor-widget elementor-widget-text-editor\" data-id=\"8b04c86\" data-element_type=\"widget\" data-widget_type=\"text-editor.default\">\n\t\t\t\t<div class=\"elementor-widget-container\">\n\t\t\t\t\t\t\t<h3 style=\"text-align: center;\">Calle Almer\u00eda, 1\/3, Cross 12\/14 &#8211; Barcelona<\/h3><p>Edificio de 15 viviendas, 80 plazas de parking y 6 locales comerciales.<\/p>\t\t\t\t\t\t<\/div>\n\t\t\t\t<\/div>\n\t\t\t\t<\/div>\n\t\t\t\t\t<\/div>\n\t\t\t\t<\/div>\n\t\t<div class=\"elementor-element elementor-element-b17906c e-flex e-con-boxed e-con e-parent\" data-id=\"b17906c\" data-element_type=\"container\" data-core-v316-plus=\"true\">\n\t\t\t\t\t<div class=\"e-con-inner\">\n\t\t<div class=\"elementor-element elementor-element-8c33759 e-con-full e-transform e-flex e-con e-child\" data-id=\"8c33759\" data-element_type=\"container\" data-settings=\"{&quot;_transform_scale_effect_hover&quot;:{&quot;unit&quot;:&quot;px&quot;,&quot;size&quot;:1.1,&quot;sizes&quot;:[]},&quot;_transform_scale_effect_hover_tablet&quot;:{&quot;unit&quot;:&quot;px&quot;,&quot;size&quot;:&quot;&quot;,&quot;sizes&quot;:[]},&quot;_transform_scale_effect_hover_mobile&quot;:{&quot;unit&quot;:&quot;px&quot;,&quot;size&quot;:&quot;&quot;,&quot;sizes&quot;:[]}}\">\n\t\t\t\t<div class=\"elementor-element elementor-element-eb2887a elementor-widget elementor-widget-image\" data-id=\"eb2887a\" data-element_type=\"widget\" data-widget_type=\"image.default\">\n\t\t\t\t<div class=\"elementor-widget-container\">\n\t\t\t\t\t\t\t\t\t\t\t\t\t<img loading=\"lazy\" decoding=\"async\" width=\"600\" height=\"500\" data-src=\"https:\/\/rvgrup.com\/inmobiliaria\/wp-content\/uploads\/2024\/07\/Carretera-de-Santa-Eulalia-93-95-\u2013-Hospitalet-de-Llobregat.webp\" class=\"attachment-large size-large wp-image-1607 lazyload\" alt=\"Carretera de Santa Eulalia 93-95 \u2013 Hospitalet de Llobregat\" data-srcset=\"https:\/\/rvgrup.com\/inmobiliaria\/wp-content\/uploads\/2024\/07\/Carretera-de-Santa-Eulalia-93-95-\u2013-Hospitalet-de-Llobregat.webp 600w, https:\/\/rvgrup.com\/inmobiliaria\/wp-content\/uploads\/2024\/07\/Carretera-de-Santa-Eulalia-93-95-\u2013-Hospitalet-de-Llobregat-300x250.webp 300w\" data-sizes=\"(max-width: 600px) 100vw, 600px\" src=\"data:image\/gif;base64,R0lGODlhAQABAAAAACH5BAEKAAEALAAAAAABAAEAAAICTAEAOw==\" style=\"--smush-placeholder-width: 600px; --smush-placeholder-aspect-ratio: 600\/500;\" \/><noscript><img loading=\"lazy\" decoding=\"async\" width=\"600\" height=\"500\" src=\"https:\/\/rvgrup.com\/inmobiliaria\/wp-content\/uploads\/2024\/07\/Carretera-de-Santa-Eulalia-93-95-\u2013-Hospitalet-de-Llobregat.webp\" class=\"attachment-large size-large wp-image-1607\" alt=\"Carretera de Santa Eulalia 93-95 \u2013 Hospitalet de Llobregat\" srcset=\"https:\/\/rvgrup.com\/inmobiliaria\/wp-content\/uploads\/2024\/07\/Carretera-de-Santa-Eulalia-93-95-\u2013-Hospitalet-de-Llobregat.webp 600w, https:\/\/rvgrup.com\/inmobiliaria\/wp-content\/uploads\/2024\/07\/Carretera-de-Santa-Eulalia-93-95-\u2013-Hospitalet-de-Llobregat-300x250.webp 300w\" sizes=\"(max-width: 600px) 100vw, 600px\" \/><\/noscript>\t\t\t\t\t\t\t\t\t\t\t\t\t<\/div>\n\t\t\t\t<\/div>\n\t\t\t\t<div class=\"elementor-element elementor-element-c3ec0b4 elementor-widget elementor-widget-text-editor\" data-id=\"c3ec0b4\" data-element_type=\"widget\" data-widget_type=\"text-editor.default\">\n\t\t\t\t<div class=\"elementor-widget-container\">\n\t\t\t\t\t\t\t<h3 style=\"text-align: center;\">Carretera de Santa Eulalia 93\/95 &#8211; Hospitalet de Llobregat<\/h3><p>Construcci\u00f3n de edificio de 30 viviendas, 50 plazas de parking y 16 locales comerciales.<\/p>\t\t\t\t\t\t<\/div>\n\t\t\t\t<\/div>\n\t\t\t\t<\/div>\n\t\t<div class=\"elementor-element elementor-element-6fca548 e-con-full e-transform e-flex e-con e-child\" data-id=\"6fca548\" data-element_type=\"container\" data-settings=\"{&quot;_transform_scale_effect_hover&quot;:{&quot;unit&quot;:&quot;px&quot;,&quot;size&quot;:1.1,&quot;sizes&quot;:[]},&quot;_transform_scale_effect_hover_tablet&quot;:{&quot;unit&quot;:&quot;px&quot;,&quot;size&quot;:&quot;&quot;,&quot;sizes&quot;:[]},&quot;_transform_scale_effect_hover_mobile&quot;:{&quot;unit&quot;:&quot;px&quot;,&quot;size&quot;:&quot;&quot;,&quot;sizes&quot;:[]}}\">\n\t\t\t\t<div class=\"elementor-element elementor-element-9a6af66 elementor-widget elementor-widget-image\" data-id=\"9a6af66\" data-element_type=\"widget\" data-widget_type=\"image.default\">\n\t\t\t\t<div class=\"elementor-widget-container\">\n\t\t\t\t\t\t\t\t\t\t\t\t\t<img loading=\"lazy\" decoding=\"async\" width=\"600\" height=\"500\" data-src=\"https:\/\/rvgrup.com\/inmobiliaria\/wp-content\/uploads\/2024\/07\/Calle-Lope-de-Vega-100-104-\u2013-Barcelona.webp\" class=\"attachment-large size-large wp-image-1606 lazyload\" alt=\"Calle Lope de Vega 100-104 \u2013 Barcelona\" data-srcset=\"https:\/\/rvgrup.com\/inmobiliaria\/wp-content\/uploads\/2024\/07\/Calle-Lope-de-Vega-100-104-\u2013-Barcelona.webp 600w, https:\/\/rvgrup.com\/inmobiliaria\/wp-content\/uploads\/2024\/07\/Calle-Lope-de-Vega-100-104-\u2013-Barcelona-300x250.webp 300w\" data-sizes=\"(max-width: 600px) 100vw, 600px\" src=\"data:image\/gif;base64,R0lGODlhAQABAAAAACH5BAEKAAEALAAAAAABAAEAAAICTAEAOw==\" style=\"--smush-placeholder-width: 600px; --smush-placeholder-aspect-ratio: 600\/500;\" \/><noscript><img loading=\"lazy\" decoding=\"async\" width=\"600\" height=\"500\" src=\"https:\/\/rvgrup.com\/inmobiliaria\/wp-content\/uploads\/2024\/07\/Calle-Lope-de-Vega-100-104-\u2013-Barcelona.webp\" class=\"attachment-large size-large wp-image-1606\" alt=\"Calle Lope de Vega 100-104 \u2013 Barcelona\" srcset=\"https:\/\/rvgrup.com\/inmobiliaria\/wp-content\/uploads\/2024\/07\/Calle-Lope-de-Vega-100-104-\u2013-Barcelona.webp 600w, https:\/\/rvgrup.com\/inmobiliaria\/wp-content\/uploads\/2024\/07\/Calle-Lope-de-Vega-100-104-\u2013-Barcelona-300x250.webp 300w\" sizes=\"(max-width: 600px) 100vw, 600px\" \/><\/noscript>\t\t\t\t\t\t\t\t\t\t\t\t\t<\/div>\n\t\t\t\t<\/div>\n\t\t\t\t<div class=\"elementor-element elementor-element-da04b05 elementor-widget elementor-widget-text-editor\" data-id=\"da04b05\" data-element_type=\"widget\" data-widget_type=\"text-editor.default\">\n\t\t\t\t<div class=\"elementor-widget-container\">\n\t\t\t\t\t\t\t<h3 style=\"text-align: center;\">Calle Lope de Vega 100\/104 &#8211; Barcelona<\/h3><p>Edificio de 15 viviendas, 30 plazas de parking y un local comercial.<\/p>\t\t\t\t\t\t<\/div>\n\t\t\t\t<\/div>\n\t\t\t\t<\/div>\n\t\t<div class=\"elementor-element elementor-element-e49beb4 e-con-full e-transform e-flex e-con e-child\" data-id=\"e49beb4\" data-element_type=\"container\" data-settings=\"{&quot;_transform_scale_effect_hover&quot;:{&quot;unit&quot;:&quot;px&quot;,&quot;size&quot;:1.1,&quot;sizes&quot;:[]},&quot;_transform_scale_effect_hover_tablet&quot;:{&quot;unit&quot;:&quot;px&quot;,&quot;size&quot;:&quot;&quot;,&quot;sizes&quot;:[]},&quot;_transform_scale_effect_hover_mobile&quot;:{&quot;unit&quot;:&quot;px&quot;,&quot;size&quot;:&quot;&quot;,&quot;sizes&quot;:[]}}\">\n\t\t\t\t<div class=\"elementor-element elementor-element-26ab443 elementor-widget elementor-widget-image\" data-id=\"26ab443\" data-element_type=\"widget\" data-widget_type=\"image.default\">\n\t\t\t\t<div class=\"elementor-widget-container\">\n\t\t\t\t\t\t\t\t\t\t\t\t\t<img loading=\"lazy\" decoding=\"async\" width=\"600\" height=\"500\" data-src=\"https:\/\/rvgrup.com\/inmobiliaria\/wp-content\/uploads\/2024\/07\/Calle-Padilla-228-\u2013-Barcelona.webp\" class=\"attachment-large size-large wp-image-1605 lazyload\" alt=\"Calle Padilla 228 \u2013 Barcelona\" data-srcset=\"https:\/\/rvgrup.com\/inmobiliaria\/wp-content\/uploads\/2024\/07\/Calle-Padilla-228-\u2013-Barcelona.webp 600w, https:\/\/rvgrup.com\/inmobiliaria\/wp-content\/uploads\/2024\/07\/Calle-Padilla-228-\u2013-Barcelona-300x250.webp 300w\" data-sizes=\"(max-width: 600px) 100vw, 600px\" src=\"data:image\/gif;base64,R0lGODlhAQABAAAAACH5BAEKAAEALAAAAAABAAEAAAICTAEAOw==\" style=\"--smush-placeholder-width: 600px; --smush-placeholder-aspect-ratio: 600\/500;\" \/><noscript><img loading=\"lazy\" decoding=\"async\" width=\"600\" height=\"500\" src=\"https:\/\/rvgrup.com\/inmobiliaria\/wp-content\/uploads\/2024\/07\/Calle-Padilla-228-\u2013-Barcelona.webp\" class=\"attachment-large size-large wp-image-1605\" alt=\"Calle Padilla 228 \u2013 Barcelona\" srcset=\"https:\/\/rvgrup.com\/inmobiliaria\/wp-content\/uploads\/2024\/07\/Calle-Padilla-228-\u2013-Barcelona.webp 600w, https:\/\/rvgrup.com\/inmobiliaria\/wp-content\/uploads\/2024\/07\/Calle-Padilla-228-\u2013-Barcelona-300x250.webp 300w\" sizes=\"(max-width: 600px) 100vw, 600px\" \/><\/noscript>\t\t\t\t\t\t\t\t\t\t\t\t\t<\/div>\n\t\t\t\t<\/div>\n\t\t\t\t<div class=\"elementor-element elementor-element-292d71d elementor-widget elementor-widget-text-editor\" data-id=\"292d71d\" data-element_type=\"widget\" data-widget_type=\"text-editor.default\">\n\t\t\t\t<div class=\"elementor-widget-container\">\n\t\t\t\t\t\t\t<h3 style=\"text-align: center;\">Calle Padilla 228 &#8211; Barcelona<\/h3><p>Edificio de 15 oficinas, 30 plazas de parking y un local comercial.<\/p>\t\t\t\t\t\t<\/div>\n\t\t\t\t<\/div>\n\t\t\t\t<\/div>\n\t\t\t\t\t<\/div>\n\t\t\t\t<\/div>\n\t\t<div class=\"elementor-element elementor-element-3fbd54e e-flex e-con-boxed e-con e-parent\" data-id=\"3fbd54e\" data-element_type=\"container\" data-core-v316-plus=\"true\">\n\t\t\t\t\t<div class=\"e-con-inner\">\n\t\t<div class=\"elementor-element elementor-element-9aff26b e-con-full e-transform e-flex e-con e-child\" data-id=\"9aff26b\" data-element_type=\"container\" data-settings=\"{&quot;_transform_scale_effect_hover&quot;:{&quot;unit&quot;:&quot;px&quot;,&quot;size&quot;:1.1,&quot;sizes&quot;:[]},&quot;_transform_scale_effect_hover_tablet&quot;:{&quot;unit&quot;:&quot;px&quot;,&quot;size&quot;:&quot;&quot;,&quot;sizes&quot;:[]},&quot;_transform_scale_effect_hover_mobile&quot;:{&quot;unit&quot;:&quot;px&quot;,&quot;size&quot;:&quot;&quot;,&quot;sizes&quot;:[]}}\">\n\t\t\t\t<div class=\"elementor-element elementor-element-64aa4f8 elementor-widget elementor-widget-image\" data-id=\"64aa4f8\" data-element_type=\"widget\" data-widget_type=\"image.default\">\n\t\t\t\t<div class=\"elementor-widget-container\">\n\t\t\t\t\t\t\t\t\t\t\t\t\t<img loading=\"lazy\" decoding=\"async\" width=\"600\" height=\"500\" data-src=\"https:\/\/rvgrup.com\/inmobiliaria\/wp-content\/uploads\/2024\/07\/Rambla-de-Poblenou-29-23.webp\" class=\"attachment-large size-large wp-image-1604 lazyload\" alt=\"Rambla de Poblenou, 29-23\" data-srcset=\"https:\/\/rvgrup.com\/inmobiliaria\/wp-content\/uploads\/2024\/07\/Rambla-de-Poblenou-29-23.webp 600w, https:\/\/rvgrup.com\/inmobiliaria\/wp-content\/uploads\/2024\/07\/Rambla-de-Poblenou-29-23-300x250.webp 300w\" data-sizes=\"(max-width: 600px) 100vw, 600px\" src=\"data:image\/gif;base64,R0lGODlhAQABAAAAACH5BAEKAAEALAAAAAABAAEAAAICTAEAOw==\" style=\"--smush-placeholder-width: 600px; --smush-placeholder-aspect-ratio: 600\/500;\" \/><noscript><img loading=\"lazy\" decoding=\"async\" width=\"600\" height=\"500\" src=\"https:\/\/rvgrup.com\/inmobiliaria\/wp-content\/uploads\/2024\/07\/Rambla-de-Poblenou-29-23.webp\" class=\"attachment-large size-large wp-image-1604\" alt=\"Rambla de Poblenou, 29-23\" srcset=\"https:\/\/rvgrup.com\/inmobiliaria\/wp-content\/uploads\/2024\/07\/Rambla-de-Poblenou-29-23.webp 600w, https:\/\/rvgrup.com\/inmobiliaria\/wp-content\/uploads\/2024\/07\/Rambla-de-Poblenou-29-23-300x250.webp 300w\" sizes=\"(max-width: 600px) 100vw, 600px\" \/><\/noscript>\t\t\t\t\t\t\t\t\t\t\t\t\t<\/div>\n\t\t\t\t<\/div>\n\t\t\t\t<div class=\"elementor-element elementor-element-3a7eb18 elementor-widget elementor-widget-text-editor\" data-id=\"3a7eb18\" data-element_type=\"widget\" data-widget_type=\"text-editor.default\">\n\t\t\t\t<div class=\"elementor-widget-container\">\n\t\t\t\t\t\t\t<h3 style=\"text-align: center;\">Rambla de Poblenou, 29\/30 &#8211; Barcelona<\/h3><p>Edificio de 15 oficinas, 30 plazas de parking y un local comercial.<\/p>\t\t\t\t\t\t<\/div>\n\t\t\t\t<\/div>\n\t\t\t\t<\/div>\n\t\t<div class=\"elementor-element elementor-element-7096545 e-con-full e-transform e-flex e-con e-child\" data-id=\"7096545\" data-element_type=\"container\" data-settings=\"{&quot;_transform_scale_effect_hover&quot;:{&quot;unit&quot;:&quot;px&quot;,&quot;size&quot;:1.1,&quot;sizes&quot;:[]},&quot;_transform_scale_effect_hover_tablet&quot;:{&quot;unit&quot;:&quot;px&quot;,&quot;size&quot;:&quot;&quot;,&quot;sizes&quot;:[]},&quot;_transform_scale_effect_hover_mobile&quot;:{&quot;unit&quot;:&quot;px&quot;,&quot;size&quot;:&quot;&quot;,&quot;sizes&quot;:[]}}\">\n\t\t\t\t<div class=\"elementor-element elementor-element-98d247a elementor-widget elementor-widget-image\" data-id=\"98d247a\" data-element_type=\"widget\" data-widget_type=\"image.default\">\n\t\t\t\t<div class=\"elementor-widget-container\">\n\t\t\t\t\t\t\t\t\t\t\t\t\t<img loading=\"lazy\" decoding=\"async\" width=\"600\" height=\"500\" data-src=\"https:\/\/rvgrup.com\/inmobiliaria\/wp-content\/uploads\/2024\/07\/Carretera-lArrabassada-38-44-\u2013-Barcelona.webp\" class=\"attachment-large size-large wp-image-1603 lazyload\" alt=\"Carretera l\u2019Arrabassada, 38-44 \u2013 Barcelona\" data-srcset=\"https:\/\/rvgrup.com\/inmobiliaria\/wp-content\/uploads\/2024\/07\/Carretera-lArrabassada-38-44-\u2013-Barcelona.webp 600w, https:\/\/rvgrup.com\/inmobiliaria\/wp-content\/uploads\/2024\/07\/Carretera-lArrabassada-38-44-\u2013-Barcelona-300x250.webp 300w\" data-sizes=\"(max-width: 600px) 100vw, 600px\" src=\"data:image\/gif;base64,R0lGODlhAQABAAAAACH5BAEKAAEALAAAAAABAAEAAAICTAEAOw==\" style=\"--smush-placeholder-width: 600px; --smush-placeholder-aspect-ratio: 600\/500;\" \/><noscript><img loading=\"lazy\" decoding=\"async\" width=\"600\" height=\"500\" src=\"https:\/\/rvgrup.com\/inmobiliaria\/wp-content\/uploads\/2024\/07\/Carretera-lArrabassada-38-44-\u2013-Barcelona.webp\" class=\"attachment-large size-large wp-image-1603\" alt=\"Carretera l\u2019Arrabassada, 38-44 \u2013 Barcelona\" srcset=\"https:\/\/rvgrup.com\/inmobiliaria\/wp-content\/uploads\/2024\/07\/Carretera-lArrabassada-38-44-\u2013-Barcelona.webp 600w, https:\/\/rvgrup.com\/inmobiliaria\/wp-content\/uploads\/2024\/07\/Carretera-lArrabassada-38-44-\u2013-Barcelona-300x250.webp 300w\" sizes=\"(max-width: 600px) 100vw, 600px\" \/><\/noscript>\t\t\t\t\t\t\t\t\t\t\t\t\t<\/div>\n\t\t\t\t<\/div>\n\t\t\t\t<div class=\"elementor-element elementor-element-e71e521 elementor-widget elementor-widget-text-editor\" data-id=\"e71e521\" data-element_type=\"widget\" data-widget_type=\"text-editor.default\">\n\t\t\t\t<div class=\"elementor-widget-container\">\n\t\t\t\t\t\t\t<h3 style=\"text-align: center;\">Carretera l&#8217;Arrabassada, 38\/44 &#8211; Barcelona<\/h3><p>Construcci\u00f3n de 12 viviendas unifamiliares de alto standing<\/p>\t\t\t\t\t\t<\/div>\n\t\t\t\t<\/div>\n\t\t\t\t<\/div>\n\t\t<div class=\"elementor-element elementor-element-b3860b9 e-con-full e-transform e-flex e-con e-child\" data-id=\"b3860b9\" data-element_type=\"container\" data-settings=\"{&quot;_transform_scale_effect_hover&quot;:{&quot;unit&quot;:&quot;px&quot;,&quot;size&quot;:1.1,&quot;sizes&quot;:[]},&quot;_transform_scale_effect_hover_tablet&quot;:{&quot;unit&quot;:&quot;px&quot;,&quot;size&quot;:&quot;&quot;,&quot;sizes&quot;:[]},&quot;_transform_scale_effect_hover_mobile&quot;:{&quot;unit&quot;:&quot;px&quot;,&quot;size&quot;:&quot;&quot;,&quot;sizes&quot;:[]}}\">\n\t\t\t\t<div class=\"elementor-element elementor-element-ce845f3 elementor-widget elementor-widget-image\" data-id=\"ce845f3\" data-element_type=\"widget\" data-widget_type=\"image.default\">\n\t\t\t\t<div class=\"elementor-widget-container\">\n\t\t\t\t\t\t\t\t\t\t\t\t\t<img loading=\"lazy\" decoding=\"async\" width=\"600\" height=\"500\" data-src=\"https:\/\/rvgrup.com\/inmobiliaria\/wp-content\/uploads\/2024\/07\/Plaza-Uquinaona-12-13-\u2013-Barcelona.webp\" class=\"attachment-large size-large wp-image-1602 lazyload\" alt=\"Plaza Uquinaona 12-13 \u2013 Barcelona\" data-srcset=\"https:\/\/rvgrup.com\/inmobiliaria\/wp-content\/uploads\/2024\/07\/Plaza-Uquinaona-12-13-\u2013-Barcelona.webp 600w, https:\/\/rvgrup.com\/inmobiliaria\/wp-content\/uploads\/2024\/07\/Plaza-Uquinaona-12-13-\u2013-Barcelona-300x250.webp 300w\" data-sizes=\"(max-width: 600px) 100vw, 600px\" src=\"data:image\/gif;base64,R0lGODlhAQABAAAAACH5BAEKAAEALAAAAAABAAEAAAICTAEAOw==\" style=\"--smush-placeholder-width: 600px; --smush-placeholder-aspect-ratio: 600\/500;\" \/><noscript><img loading=\"lazy\" decoding=\"async\" width=\"600\" height=\"500\" src=\"https:\/\/rvgrup.com\/inmobiliaria\/wp-content\/uploads\/2024\/07\/Plaza-Uquinaona-12-13-\u2013-Barcelona.webp\" class=\"attachment-large size-large wp-image-1602\" alt=\"Plaza Uquinaona 12-13 \u2013 Barcelona\" srcset=\"https:\/\/rvgrup.com\/inmobiliaria\/wp-content\/uploads\/2024\/07\/Plaza-Uquinaona-12-13-\u2013-Barcelona.webp 600w, https:\/\/rvgrup.com\/inmobiliaria\/wp-content\/uploads\/2024\/07\/Plaza-Uquinaona-12-13-\u2013-Barcelona-300x250.webp 300w\" sizes=\"(max-width: 600px) 100vw, 600px\" \/><\/noscript>\t\t\t\t\t\t\t\t\t\t\t\t\t<\/div>\n\t\t\t\t<\/div>\n\t\t\t\t<div class=\"elementor-element elementor-element-d1fe6b5 elementor-widget elementor-widget-text-editor\" data-id=\"d1fe6b5\" data-element_type=\"widget\" data-widget_type=\"text-editor.default\">\n\t\t\t\t<div class=\"elementor-widget-container\">\n\t\t\t\t\t\t\t<h3 style=\"text-align: center;\">Plaza Urquinaona 12\/13 &#8211; Barcelona<\/h3><p>Edificio de 30 oficinas, 90 plazas de parking y 6 locales comerciales.<\/p>\t\t\t\t\t\t<\/div>\n\t\t\t\t<\/div>\n\t\t\t\t<\/div>\n\t\t\t\t\t<\/div>\n\t\t\t\t<\/div>\n\t\t<div class=\"elementor-element elementor-element-19671ef e-flex e-con-boxed e-con e-parent\" data-id=\"19671ef\" data-element_type=\"container\" data-core-v316-plus=\"true\">\n\t\t\t\t\t<div class=\"e-con-inner\">\n\t\t<div class=\"elementor-element elementor-element-dbe7f16 e-con-full e-transform e-flex e-con e-child\" data-id=\"dbe7f16\" data-element_type=\"container\" data-settings=\"{&quot;_transform_scale_effect_hover&quot;:{&quot;unit&quot;:&quot;px&quot;,&quot;size&quot;:1.1,&quot;sizes&quot;:[]},&quot;_transform_scale_effect_hover_tablet&quot;:{&quot;unit&quot;:&quot;px&quot;,&quot;size&quot;:&quot;&quot;,&quot;sizes&quot;:[]},&quot;_transform_scale_effect_hover_mobile&quot;:{&quot;unit&quot;:&quot;px&quot;,&quot;size&quot;:&quot;&quot;,&quot;sizes&quot;:[]}}\">\n\t\t\t\t<div class=\"elementor-element elementor-element-e244784 elementor-widget elementor-widget-image\" data-id=\"e244784\" data-element_type=\"widget\" data-widget_type=\"image.default\">\n\t\t\t\t<div class=\"elementor-widget-container\">\n\t\t\t\t\t\t\t\t\t\t\t\t\t<img loading=\"lazy\" decoding=\"async\" width=\"600\" height=\"500\" data-src=\"https:\/\/rvgrup.com\/inmobiliaria\/wp-content\/uploads\/2024\/07\/Carretera-lArrabassada-38-442-\u2013-Barcelona.webp\" class=\"attachment-large size-large wp-image-1601 lazyload\" alt=\"Carretera l\u2019Arrabassada, 38-442 \u2013 Barcelona\" data-srcset=\"https:\/\/rvgrup.com\/inmobiliaria\/wp-content\/uploads\/2024\/07\/Carretera-lArrabassada-38-442-\u2013-Barcelona.webp 600w, https:\/\/rvgrup.com\/inmobiliaria\/wp-content\/uploads\/2024\/07\/Carretera-lArrabassada-38-442-\u2013-Barcelona-300x250.webp 300w\" data-sizes=\"(max-width: 600px) 100vw, 600px\" src=\"data:image\/gif;base64,R0lGODlhAQABAAAAACH5BAEKAAEALAAAAAABAAEAAAICTAEAOw==\" style=\"--smush-placeholder-width: 600px; --smush-placeholder-aspect-ratio: 600\/500;\" \/><noscript><img loading=\"lazy\" decoding=\"async\" width=\"600\" height=\"500\" src=\"https:\/\/rvgrup.com\/inmobiliaria\/wp-content\/uploads\/2024\/07\/Carretera-lArrabassada-38-442-\u2013-Barcelona.webp\" class=\"attachment-large size-large wp-image-1601\" alt=\"Carretera l\u2019Arrabassada, 38-442 \u2013 Barcelona\" srcset=\"https:\/\/rvgrup.com\/inmobiliaria\/wp-content\/uploads\/2024\/07\/Carretera-lArrabassada-38-442-\u2013-Barcelona.webp 600w, https:\/\/rvgrup.com\/inmobiliaria\/wp-content\/uploads\/2024\/07\/Carretera-lArrabassada-38-442-\u2013-Barcelona-300x250.webp 300w\" sizes=\"(max-width: 600px) 100vw, 600px\" \/><\/noscript>\t\t\t\t\t\t\t\t\t\t\t\t\t<\/div>\n\t\t\t\t<\/div>\n\t\t\t\t<div class=\"elementor-element elementor-element-c508d3f elementor-widget elementor-widget-text-editor\" data-id=\"c508d3f\" data-element_type=\"widget\" data-widget_type=\"text-editor.default\">\n\t\t\t\t<div class=\"elementor-widget-container\">\n\t\t\t\t\t\t\t<h3 style=\"text-align: center;\">Carretera l&#8217;Arrabassada, 38\/44 &#8211; Barcelona<\/h3><p>Construcci\u00f3n de 12 viviendas unifamiliares de alto standing.<\/p>\t\t\t\t\t\t<\/div>\n\t\t\t\t<\/div>\n\t\t\t\t<\/div>\n\t\t<div class=\"elementor-element elementor-element-b9aa193 e-con-full e-transform e-flex e-con e-child\" data-id=\"b9aa193\" data-element_type=\"container\" data-settings=\"{&quot;_transform_scale_effect_hover&quot;:{&quot;unit&quot;:&quot;px&quot;,&quot;size&quot;:1.1,&quot;sizes&quot;:[]},&quot;_transform_scale_effect_hover_tablet&quot;:{&quot;unit&quot;:&quot;px&quot;,&quot;size&quot;:&quot;&quot;,&quot;sizes&quot;:[]},&quot;_transform_scale_effect_hover_mobile&quot;:{&quot;unit&quot;:&quot;px&quot;,&quot;size&quot;:&quot;&quot;,&quot;sizes&quot;:[]}}\">\n\t\t\t\t<div class=\"elementor-element elementor-element-57377e5 elementor-widget elementor-widget-image\" data-id=\"57377e5\" data-element_type=\"widget\" data-widget_type=\"image.default\">\n\t\t\t\t<div class=\"elementor-widget-container\">\n\t\t\t\t\t\t\t\t\t\t\t\t\t<img loading=\"lazy\" decoding=\"async\" width=\"600\" height=\"500\" data-src=\"https:\/\/rvgrup.com\/inmobiliaria\/wp-content\/uploads\/2024\/07\/Calle-Camelias-22-32-\u2013-Barcelona.webp\" class=\"attachment-large size-large wp-image-1600 lazyload\" alt=\"Calle Camelias 22-32 \u2013 Barcelona\" data-srcset=\"https:\/\/rvgrup.com\/inmobiliaria\/wp-content\/uploads\/2024\/07\/Calle-Camelias-22-32-\u2013-Barcelona.webp 600w, https:\/\/rvgrup.com\/inmobiliaria\/wp-content\/uploads\/2024\/07\/Calle-Camelias-22-32-\u2013-Barcelona-300x250.webp 300w\" data-sizes=\"(max-width: 600px) 100vw, 600px\" src=\"data:image\/gif;base64,R0lGODlhAQABAAAAACH5BAEKAAEALAAAAAABAAEAAAICTAEAOw==\" style=\"--smush-placeholder-width: 600px; --smush-placeholder-aspect-ratio: 600\/500;\" \/><noscript><img loading=\"lazy\" decoding=\"async\" width=\"600\" height=\"500\" src=\"https:\/\/rvgrup.com\/inmobiliaria\/wp-content\/uploads\/2024\/07\/Calle-Camelias-22-32-\u2013-Barcelona.webp\" class=\"attachment-large size-large wp-image-1600\" alt=\"Calle Camelias 22-32 \u2013 Barcelona\" srcset=\"https:\/\/rvgrup.com\/inmobiliaria\/wp-content\/uploads\/2024\/07\/Calle-Camelias-22-32-\u2013-Barcelona.webp 600w, https:\/\/rvgrup.com\/inmobiliaria\/wp-content\/uploads\/2024\/07\/Calle-Camelias-22-32-\u2013-Barcelona-300x250.webp 300w\" sizes=\"(max-width: 600px) 100vw, 600px\" \/><\/noscript>\t\t\t\t\t\t\t\t\t\t\t\t\t<\/div>\n\t\t\t\t<\/div>\n\t\t\t\t<div class=\"elementor-element elementor-element-d81a586 elementor-widget elementor-widget-text-editor\" data-id=\"d81a586\" data-element_type=\"widget\" data-widget_type=\"text-editor.default\">\n\t\t\t\t<div class=\"elementor-widget-container\">\n\t\t\t\t\t\t\t<h3 style=\"text-align: center;\">Calle Camelias 22\/32 &#8211; Barcelona<\/h3><p>Edificio de 50 viviendas, 100 plazas de parking y locales comerciales.<\/p>\t\t\t\t\t\t<\/div>\n\t\t\t\t<\/div>\n\t\t\t\t<\/div>\n\t\t\t\t\t<\/div>\n\t\t\t\t<\/div>\n\t\t\t\t<\/div>\n\t\t","protected":false},"excerpt":{"rendered":"<p>Calle de Vallirana, 42 &#8211; Barcelona Edificio de 15 viviendas y 20 plazas de parking Calle Rambla de Poblenou, 98\/100 &#8211; Barcelona Edificio de 20 viviendas, 30 plazas parking y 4 locales comerciales. Avenida Torre Blanca, 14 &#8211; Sant Joan Desp\u00ed Construcci\u00f3n de 24 viviendas unifamiliares Avenida Torre Blanca, 22 &#8211; Sant Joan Desp\u00ed Construcci\u00f3n [&hellip;]<\/p>\n","protected":false},"author":1,"featured_media":0,"parent":0,"menu_order":0,"comment_status":"closed","ping_status":"closed","template":"","meta":{"_acf_changed":false,"footnotes":""},"class_list":["post-1586","page","type-page","status-publish","hentry"],"acf":[],"_links":{"self":[{"href":"https:\/\/rvgrup.com\/inmobiliaria\/wp-json\/wp\/v2\/pages\/1586","targetHints":{"allow":["GET"]}}],"collection":[{"href":"https:\/\/rvgrup.com\/inmobiliaria\/wp-json\/wp\/v2\/pages"}],"about":[{"href":"https:\/\/rvgrup.com\/inmobiliaria\/wp-json\/wp\/v2\/types\/page"}],"author":[{"embeddable":true,"href":"https:\/\/rvgrup.com\/inmobiliaria\/wp-json\/wp\/v2\/users\/1"}],"replies":[{"embeddable":true,"href":"https:\/\/rvgrup.com\/inmobiliaria\/wp-json\/wp\/v2\/comments?post=1586"}],"version-history":[{"count":16,"href":"https:\/\/rvgrup.com\/inmobiliaria\/wp-json\/wp\/v2\/pages\/1586\/revisions"}],"predecessor-version":[{"id":1626,"href":"https:\/\/rvgrup.com\/inmobiliaria\/wp-json\/wp\/v2\/pages\/1586\/revisions\/1626"}],"wp:attachment":[{"href":"https:\/\/rvgrup.com\/inmobiliaria\/wp-json\/wp\/v2\/media?parent=1586"}],"curies":[{"name":"wp","href":"https:\/\/api.w.org\/{rel}","templated":true}]}}