{"id":1277,"date":"2024-04-08T11:20:36","date_gmt":"2024-04-08T11:20:36","guid":{"rendered":"https:\/\/casino.hospecat.com\/inmobiliaria\/?page_id=1277"},"modified":"2024-07-10T09:20:34","modified_gmt":"2024-07-10T09:20:34","slug":"promociones-en-curso","status":"publish","type":"page","link":"https:\/\/rvgrup.com\/inmobiliaria\/promociones-en-curso\/","title":{"rendered":"Promociones en curso"},"content":{"rendered":"\t\t<div data-elementor-type=\"wp-page\" data-elementor-id=\"1277\" class=\"elementor elementor-1277\">\n\t\t\t\t\t\t<section class=\"elementor-section elementor-top-section elementor-element elementor-element-806e7b8 elementor-section-full_width elementor-section-height-default elementor-section-height-default\" data-id=\"806e7b8\" data-element_type=\"section\">\n\t\t\t\t\t\t<div class=\"elementor-container elementor-column-gap-no\">\n\t\t\t\t\t<div class=\"elementor-column elementor-col-100 elementor-top-column elementor-element elementor-element-4af9b40\" data-id=\"4af9b40\" data-element_type=\"column\">\n\t\t\t<div class=\"elementor-widget-wrap elementor-element-populated\">\n\t\t\t\t\t\t<div class=\"elementor-element elementor-element-acc1e82 elementor-widget elementor-widget-project-grid\" data-id=\"acc1e82\" data-element_type=\"widget\" data-widget_type=\"project-grid.default\">\n\t\t\t\t<div class=\"elementor-widget-container\">\n\t\t\t\r\n        <!-- project-area -->\r\n        <section class=\"inner-project-area\">\r\n            <div class=\"container\">\r\n                                    <div class=\"project-top-meta mb-50\">\r\n                        <form action=\"#\">\r\n                            <div class=\"row\">\r\n                                <div class=\"col-xl-4\">\r\n                                    <div class=\"form-grp\">\r\n                                        <input type=\"text\" placeholder=\"Buscar por nombre o localizaci\u00f3n...\" id=\"project-search\">\r\n                                        <button type=\"submit\"><i class=\"fas fa-search\"><\/i><\/button>\r\n                                    <\/div>\r\n                                <\/div>\r\n                                <div class=\"col-xl-8\">\r\n                                    <div class=\"row\">\r\n                                        <div class=\"col-md-4 col-sm-6\">\r\n                                            <div class=\"form-grp select\">\r\n                                                <select id=\"project-status\" name=\"select\" class=\"form-select\" aria-label=\"Default select example\">\r\n                                                    <option value=\"\">Estado<\/option>\r\n                                                                                                            <option value=\"promociones-en-curso\">Promociones en curso<\/option>\r\n                                                                                                            <option value=\"promociones-pendientes\">Promociones pendientes<\/option>\r\n                                                                                                            <option value=\"promociones-realizadas\">Promociones realizadas<\/option>\r\n                                                                                                    <\/select>\r\n                                            <\/div>\r\n                                        <\/div>\r\n                                        <div class=\"col-md-4 col-sm-6\">\r\n                                            <div class=\"form-grp select\">\r\n                                                <select id=\"project-type\" name=\"select\" class=\"form-select\" aria-label=\"Default select example\">\r\n                                                    <option value=\"\">Tipo de promoci\u00f3n<\/option>\r\n                                                                                                            <option value=\"comercial\">Comercial<\/option>\r\n                                                                                                            <option value=\"industrial\">Industrial<\/option>\r\n                                                                                                            <option value=\"parking\">Parking<\/option>\r\n                                                                                                            <option value=\"viviendas\">Viviendas<\/option>\r\n                                                                                                    <\/select>\r\n                                            <\/div>\r\n                                        <\/div>\r\n                                        <div class=\"col-md-4\">\r\n                                            <div class=\"form-grp select\">\r\n                                                <select id=\"project-location\" name=\"select\" class=\"form-select\" aria-label=\"Default select example\">\r\n                                                    <option value=\"\">Localizaci\u00f3n de la promoci\u00f3n<\/option>\r\n                                                                                                            <option value=\"barcelona\">Barcelona<\/option>\r\n                                                                                                            <option value=\"hospitalet-de-llobregat\">Hospitalet de Llobregat<\/option>\r\n                                                                                                            <option value=\"ibiza\">Ibiza<\/option>\r\n                                                                                                            <option value=\"malaga\">M\u00e1laga<\/option>\r\n                                                                                                            <option value=\"sant-andreu-de-la-barca\">Sant Andreu de la Barca<\/option>\r\n                                                                                                            <option value=\"sant-cugat-del-valles\">Sant Cugat del Vall\u00e9s<\/option>\r\n                                                                                                            <option value=\"sant-joan-despi\">Sant Joan Desp\u00ed<\/option>\r\n                                                                                                            <option value=\"sant-vicenc-dels-horts\">Sant Vicen\u00e7 dels Horts<\/option>\r\n                                                                                                            <option value=\"tarragona\">Tarragona<\/option>\r\n                                                                                                            <option value=\"viladecans\">Viladecans<\/option>\r\n                                                                                                    <\/select>\r\n                                            <\/div>\r\n                                        <\/div>\r\n                                    <\/div>\r\n                                <\/div>\r\n                            <\/div>\r\n                        <\/form>\r\n                    <\/div>\r\n                \r\n                <div class=\"project-item-wrap\">\r\n                    <div class=\"row\">\r\n                                                    <div class=\"col-lg-4 col-md-6\">\r\n                                <div class=\"project-item\">\r\n                                    <div class=\"project-thumb\">\r\n                                        <a href=\"https:\/\/rvgrup.com\/inmobiliaria\/promociones\/zona-santa-eulalia-ibiza\/\">\r\n                                            <img fetchpriority=\"high\" decoding=\"async\" width=\"1101\" height=\"700\" src=\"https:\/\/rvgrup.com\/inmobiliaria\/wp-content\/uploads\/2025\/07\/zona-santa-eulalia-ibiza-coal-square.jpg\" class=\"img-responsive wp-post-image\" alt=\"zona santa eulalia ibiza coal square\" srcset=\"https:\/\/rvgrup.com\/inmobiliaria\/wp-content\/uploads\/2025\/07\/zona-santa-eulalia-ibiza-coal-square.jpg 1101w, https:\/\/rvgrup.com\/inmobiliaria\/wp-content\/uploads\/2025\/07\/zona-santa-eulalia-ibiza-coal-square-300x191.jpg 300w, https:\/\/rvgrup.com\/inmobiliaria\/wp-content\/uploads\/2025\/07\/zona-santa-eulalia-ibiza-coal-square-1024x651.jpg 1024w, https:\/\/rvgrup.com\/inmobiliaria\/wp-content\/uploads\/2025\/07\/zona-santa-eulalia-ibiza-coal-square-768x488.jpg 768w, https:\/\/rvgrup.com\/inmobiliaria\/wp-content\/uploads\/2025\/07\/zona-santa-eulalia-ibiza-coal-square-700x445.jpg 700w, https:\/\/rvgrup.com\/inmobiliaria\/wp-content\/uploads\/2025\/07\/zona-santa-eulalia-ibiza-coal-square-500x318.jpg 500w\" sizes=\"(max-width: 1101px) 100vw, 1101px\" \/>                                        <\/a>\r\n                                    <\/div>\r\n                                    <div class=\"project-content\">\r\n                                        <h3 class=\"title\"><a href=\"https:\/\/rvgrup.com\/inmobiliaria\/promociones\/zona-santa-eulalia-ibiza\/\">Zona Santa Eulalia &#8211; Ibiza<\/a><\/h3>\r\n\r\n                                        \r\n                                    <\/div>\r\n                                <\/div>\r\n                            <\/div>\r\n\r\n                                                    <div class=\"col-lg-4 col-md-6\">\r\n                                <div class=\"project-item\">\r\n                                    <div class=\"project-thumb\">\r\n                                        <a href=\"https:\/\/rvgrup.com\/inmobiliaria\/promociones\/zona-avda-pearson\/\">\r\n                                            <img decoding=\"async\" width=\"1100\" height=\"700\" data-src=\"https:\/\/rvgrup.com\/inmobiliaria\/wp-content\/uploads\/2024\/07\/zona-avenida-pearson-presentacion.jpg\" class=\"img-responsive wp-post-image lazyload\" alt=\"zona avenida pearson presentacion\" data-srcset=\"https:\/\/rvgrup.com\/inmobiliaria\/wp-content\/uploads\/2024\/07\/zona-avenida-pearson-presentacion.jpg 1100w, https:\/\/rvgrup.com\/inmobiliaria\/wp-content\/uploads\/2024\/07\/zona-avenida-pearson-presentacion-300x191.jpg 300w, https:\/\/rvgrup.com\/inmobiliaria\/wp-content\/uploads\/2024\/07\/zona-avenida-pearson-presentacion-1024x652.jpg 1024w, https:\/\/rvgrup.com\/inmobiliaria\/wp-content\/uploads\/2024\/07\/zona-avenida-pearson-presentacion-768x489.jpg 768w, https:\/\/rvgrup.com\/inmobiliaria\/wp-content\/uploads\/2024\/07\/zona-avenida-pearson-presentacion-700x445.jpg 700w, https:\/\/rvgrup.com\/inmobiliaria\/wp-content\/uploads\/2024\/07\/zona-avenida-pearson-presentacion-500x318.jpg 500w\" data-sizes=\"(max-width: 1100px) 100vw, 1100px\" src=\"data:image\/gif;base64,R0lGODlhAQABAAAAACH5BAEKAAEALAAAAAABAAEAAAICTAEAOw==\" style=\"--smush-placeholder-width: 1100px; --smush-placeholder-aspect-ratio: 1100\/700;\" \/><noscript><img decoding=\"async\" width=\"1100\" height=\"700\" src=\"https:\/\/rvgrup.com\/inmobiliaria\/wp-content\/uploads\/2024\/07\/zona-avenida-pearson-presentacion.jpg\" class=\"img-responsive wp-post-image\" alt=\"zona avenida pearson presentacion\" srcset=\"https:\/\/rvgrup.com\/inmobiliaria\/wp-content\/uploads\/2024\/07\/zona-avenida-pearson-presentacion.jpg 1100w, https:\/\/rvgrup.com\/inmobiliaria\/wp-content\/uploads\/2024\/07\/zona-avenida-pearson-presentacion-300x191.jpg 300w, https:\/\/rvgrup.com\/inmobiliaria\/wp-content\/uploads\/2024\/07\/zona-avenida-pearson-presentacion-1024x652.jpg 1024w, https:\/\/rvgrup.com\/inmobiliaria\/wp-content\/uploads\/2024\/07\/zona-avenida-pearson-presentacion-768x489.jpg 768w, https:\/\/rvgrup.com\/inmobiliaria\/wp-content\/uploads\/2024\/07\/zona-avenida-pearson-presentacion-700x445.jpg 700w, https:\/\/rvgrup.com\/inmobiliaria\/wp-content\/uploads\/2024\/07\/zona-avenida-pearson-presentacion-500x318.jpg 500w\" sizes=\"(max-width: 1100px) 100vw, 1100px\" \/><\/noscript>                                        <\/a>\r\n                                    <\/div>\r\n                                    <div class=\"project-content\">\r\n                                        <h3 class=\"title\"><a href=\"https:\/\/rvgrup.com\/inmobiliaria\/promociones\/zona-avda-pearson\/\">Zona Avda Pearson<\/a><\/h3>\r\n\r\n                                        \r\n                                    <\/div>\r\n                                <\/div>\r\n                            <\/div>\r\n\r\n                                                    <div class=\"col-lg-4 col-md-6\">\r\n                                <div class=\"project-item\">\r\n                                    <div class=\"project-thumb\">\r\n                                        <a href=\"https:\/\/rvgrup.com\/inmobiliaria\/promociones\/zona-sant-cugat-del-valles\/\">\r\n                                            <img decoding=\"async\" width=\"1100\" height=\"700\" data-src=\"https:\/\/rvgrup.com\/inmobiliaria\/wp-content\/uploads\/2024\/07\/zona-sant-cugat-del-valles.png\" class=\"img-responsive wp-post-image lazyload\" alt=\"zona sant cugat del valles\" data-srcset=\"https:\/\/rvgrup.com\/inmobiliaria\/wp-content\/uploads\/2024\/07\/zona-sant-cugat-del-valles.png 1100w, https:\/\/rvgrup.com\/inmobiliaria\/wp-content\/uploads\/2024\/07\/zona-sant-cugat-del-valles-300x191.png 300w, https:\/\/rvgrup.com\/inmobiliaria\/wp-content\/uploads\/2024\/07\/zona-sant-cugat-del-valles-1024x652.png 1024w, https:\/\/rvgrup.com\/inmobiliaria\/wp-content\/uploads\/2024\/07\/zona-sant-cugat-del-valles-768x489.png 768w, https:\/\/rvgrup.com\/inmobiliaria\/wp-content\/uploads\/2024\/07\/zona-sant-cugat-del-valles-700x445.png 700w, https:\/\/rvgrup.com\/inmobiliaria\/wp-content\/uploads\/2024\/07\/zona-sant-cugat-del-valles-500x318.png 500w\" data-sizes=\"(max-width: 1100px) 100vw, 1100px\" src=\"data:image\/gif;base64,R0lGODlhAQABAAAAACH5BAEKAAEALAAAAAABAAEAAAICTAEAOw==\" style=\"--smush-placeholder-width: 1100px; --smush-placeholder-aspect-ratio: 1100\/700;\" \/><noscript><img decoding=\"async\" width=\"1100\" height=\"700\" src=\"https:\/\/rvgrup.com\/inmobiliaria\/wp-content\/uploads\/2024\/07\/zona-sant-cugat-del-valles.png\" class=\"img-responsive wp-post-image\" alt=\"zona sant cugat del valles\" srcset=\"https:\/\/rvgrup.com\/inmobiliaria\/wp-content\/uploads\/2024\/07\/zona-sant-cugat-del-valles.png 1100w, https:\/\/rvgrup.com\/inmobiliaria\/wp-content\/uploads\/2024\/07\/zona-sant-cugat-del-valles-300x191.png 300w, https:\/\/rvgrup.com\/inmobiliaria\/wp-content\/uploads\/2024\/07\/zona-sant-cugat-del-valles-1024x652.png 1024w, https:\/\/rvgrup.com\/inmobiliaria\/wp-content\/uploads\/2024\/07\/zona-sant-cugat-del-valles-768x489.png 768w, https:\/\/rvgrup.com\/inmobiliaria\/wp-content\/uploads\/2024\/07\/zona-sant-cugat-del-valles-700x445.png 700w, https:\/\/rvgrup.com\/inmobiliaria\/wp-content\/uploads\/2024\/07\/zona-sant-cugat-del-valles-500x318.png 500w\" sizes=\"(max-width: 1100px) 100vw, 1100px\" \/><\/noscript>                                        <\/a>\r\n                                    <\/div>\r\n                                    <div class=\"project-content\">\r\n                                        <h3 class=\"title\"><a href=\"https:\/\/rvgrup.com\/inmobiliaria\/promociones\/zona-sant-cugat-del-valles\/\">Zona Sant Cugat del Vall\u00e9s<\/a><\/h3>\r\n\r\n                                        \r\n                                    <\/div>\r\n                                <\/div>\r\n                            <\/div>\r\n\r\n                                                    <div class=\"col-lg-4 col-md-6\">\r\n                                <div class=\"project-item\">\r\n                                    <div class=\"project-thumb\">\r\n                                        <a href=\"https:\/\/rvgrup.com\/inmobiliaria\/promociones\/zona-rambla-modolell-viladecans\/\">\r\n                                            <img loading=\"lazy\" decoding=\"async\" width=\"1100\" height=\"700\" data-src=\"https:\/\/rvgrup.com\/inmobiliaria\/wp-content\/uploads\/2024\/07\/zona-rambla-modolell-viladecans-presentacion.jpg\" class=\"img-responsive wp-post-image lazyload\" alt=\"zona rambla modolell viladecans presentacion\" data-srcset=\"https:\/\/rvgrup.com\/inmobiliaria\/wp-content\/uploads\/2024\/07\/zona-rambla-modolell-viladecans-presentacion.jpg 1100w, https:\/\/rvgrup.com\/inmobiliaria\/wp-content\/uploads\/2024\/07\/zona-rambla-modolell-viladecans-presentacion-300x191.jpg 300w, https:\/\/rvgrup.com\/inmobiliaria\/wp-content\/uploads\/2024\/07\/zona-rambla-modolell-viladecans-presentacion-1024x652.jpg 1024w, https:\/\/rvgrup.com\/inmobiliaria\/wp-content\/uploads\/2024\/07\/zona-rambla-modolell-viladecans-presentacion-768x489.jpg 768w, https:\/\/rvgrup.com\/inmobiliaria\/wp-content\/uploads\/2024\/07\/zona-rambla-modolell-viladecans-presentacion-700x445.jpg 700w, https:\/\/rvgrup.com\/inmobiliaria\/wp-content\/uploads\/2024\/07\/zona-rambla-modolell-viladecans-presentacion-500x318.jpg 500w\" data-sizes=\"(max-width: 1100px) 100vw, 1100px\" src=\"data:image\/gif;base64,R0lGODlhAQABAAAAACH5BAEKAAEALAAAAAABAAEAAAICTAEAOw==\" style=\"--smush-placeholder-width: 1100px; --smush-placeholder-aspect-ratio: 1100\/700;\" \/><noscript><img loading=\"lazy\" decoding=\"async\" width=\"1100\" height=\"700\" src=\"https:\/\/rvgrup.com\/inmobiliaria\/wp-content\/uploads\/2024\/07\/zona-rambla-modolell-viladecans-presentacion.jpg\" class=\"img-responsive wp-post-image\" alt=\"zona rambla modolell viladecans presentacion\" srcset=\"https:\/\/rvgrup.com\/inmobiliaria\/wp-content\/uploads\/2024\/07\/zona-rambla-modolell-viladecans-presentacion.jpg 1100w, https:\/\/rvgrup.com\/inmobiliaria\/wp-content\/uploads\/2024\/07\/zona-rambla-modolell-viladecans-presentacion-300x191.jpg 300w, https:\/\/rvgrup.com\/inmobiliaria\/wp-content\/uploads\/2024\/07\/zona-rambla-modolell-viladecans-presentacion-1024x652.jpg 1024w, https:\/\/rvgrup.com\/inmobiliaria\/wp-content\/uploads\/2024\/07\/zona-rambla-modolell-viladecans-presentacion-768x489.jpg 768w, https:\/\/rvgrup.com\/inmobiliaria\/wp-content\/uploads\/2024\/07\/zona-rambla-modolell-viladecans-presentacion-700x445.jpg 700w, https:\/\/rvgrup.com\/inmobiliaria\/wp-content\/uploads\/2024\/07\/zona-rambla-modolell-viladecans-presentacion-500x318.jpg 500w\" sizes=\"(max-width: 1100px) 100vw, 1100px\" \/><\/noscript>                                        <\/a>\r\n                                    <\/div>\r\n                                    <div class=\"project-content\">\r\n                                        <h3 class=\"title\"><a href=\"https:\/\/rvgrup.com\/inmobiliaria\/promociones\/zona-rambla-modolell-viladecans\/\">Zona Rambla Modolell &#8211; Viladecans<\/a><\/h3>\r\n\r\n                                        \r\n                                    <\/div>\r\n                                <\/div>\r\n                            <\/div>\r\n\r\n                                                    <div class=\"col-lg-4 col-md-6\">\r\n                                <div class=\"project-item\">\r\n                                    <div class=\"project-thumb\">\r\n                                        <a href=\"https:\/\/rvgrup.com\/inmobiliaria\/promociones\/zona-marina-botafoch-ibiza\/\">\r\n                                            <img loading=\"lazy\" decoding=\"async\" width=\"1100\" height=\"700\" data-src=\"https:\/\/rvgrup.com\/inmobiliaria\/wp-content\/uploads\/2024\/07\/zona-marina-botafoc-ibiza.jpg\" class=\"img-responsive wp-post-image lazyload\" alt=\"\" data-srcset=\"https:\/\/rvgrup.com\/inmobiliaria\/wp-content\/uploads\/2024\/07\/zona-marina-botafoc-ibiza.jpg 1100w, https:\/\/rvgrup.com\/inmobiliaria\/wp-content\/uploads\/2024\/07\/zona-marina-botafoc-ibiza-300x191.jpg 300w, https:\/\/rvgrup.com\/inmobiliaria\/wp-content\/uploads\/2024\/07\/zona-marina-botafoc-ibiza-1024x652.jpg 1024w, https:\/\/rvgrup.com\/inmobiliaria\/wp-content\/uploads\/2024\/07\/zona-marina-botafoc-ibiza-768x489.jpg 768w, https:\/\/rvgrup.com\/inmobiliaria\/wp-content\/uploads\/2024\/07\/zona-marina-botafoc-ibiza-700x445.jpg 700w, https:\/\/rvgrup.com\/inmobiliaria\/wp-content\/uploads\/2024\/07\/zona-marina-botafoc-ibiza-500x318.jpg 500w\" data-sizes=\"(max-width: 1100px) 100vw, 1100px\" src=\"data:image\/gif;base64,R0lGODlhAQABAAAAACH5BAEKAAEALAAAAAABAAEAAAICTAEAOw==\" style=\"--smush-placeholder-width: 1100px; --smush-placeholder-aspect-ratio: 1100\/700;\" \/><noscript><img loading=\"lazy\" decoding=\"async\" width=\"1100\" height=\"700\" src=\"https:\/\/rvgrup.com\/inmobiliaria\/wp-content\/uploads\/2024\/07\/zona-marina-botafoc-ibiza.jpg\" class=\"img-responsive wp-post-image\" alt=\"\" srcset=\"https:\/\/rvgrup.com\/inmobiliaria\/wp-content\/uploads\/2024\/07\/zona-marina-botafoc-ibiza.jpg 1100w, https:\/\/rvgrup.com\/inmobiliaria\/wp-content\/uploads\/2024\/07\/zona-marina-botafoc-ibiza-300x191.jpg 300w, https:\/\/rvgrup.com\/inmobiliaria\/wp-content\/uploads\/2024\/07\/zona-marina-botafoc-ibiza-1024x652.jpg 1024w, https:\/\/rvgrup.com\/inmobiliaria\/wp-content\/uploads\/2024\/07\/zona-marina-botafoc-ibiza-768x489.jpg 768w, https:\/\/rvgrup.com\/inmobiliaria\/wp-content\/uploads\/2024\/07\/zona-marina-botafoc-ibiza-700x445.jpg 700w, https:\/\/rvgrup.com\/inmobiliaria\/wp-content\/uploads\/2024\/07\/zona-marina-botafoc-ibiza-500x318.jpg 500w\" sizes=\"(max-width: 1100px) 100vw, 1100px\" \/><\/noscript>                                        <\/a>\r\n                                    <\/div>\r\n                                    <div class=\"project-content\">\r\n                                        <h3 class=\"title\"><a href=\"https:\/\/rvgrup.com\/inmobiliaria\/promociones\/zona-marina-botafoch-ibiza\/\">Zona Marina Botafoch &#8211; Ibiza<\/a><\/h3>\r\n\r\n                                        \r\n                                    <\/div>\r\n                                <\/div>\r\n                            <\/div>\r\n\r\n                                                    <div class=\"col-lg-4 col-md-6\">\r\n                                <div class=\"project-item\">\r\n                                    <div class=\"project-thumb\">\r\n                                        <a href=\"https:\/\/rvgrup.com\/inmobiliaria\/promociones\/zona-avenida-pearson\/\">\r\n                                            <img loading=\"lazy\" decoding=\"async\" width=\"951\" height=\"668\" data-src=\"https:\/\/rvgrup.com\/inmobiliaria\/wp-content\/uploads\/2024\/04\/Zona-Avda-Pearson-\u2013-Juan-de-Alos-1.webp\" class=\"img-responsive wp-post-image lazyload\" alt=\"Zona Avda Pearson \u2013 Juan de Al\u00f3s\" data-srcset=\"https:\/\/rvgrup.com\/inmobiliaria\/wp-content\/uploads\/2024\/04\/Zona-Avda-Pearson-\u2013-Juan-de-Alos-1.webp 951w, https:\/\/rvgrup.com\/inmobiliaria\/wp-content\/uploads\/2024\/04\/Zona-Avda-Pearson-\u2013-Juan-de-Alos-1-300x211.webp 300w, https:\/\/rvgrup.com\/inmobiliaria\/wp-content\/uploads\/2024\/04\/Zona-Avda-Pearson-\u2013-Juan-de-Alos-1-768x539.webp 768w\" data-sizes=\"(max-width: 951px) 100vw, 951px\" src=\"data:image\/gif;base64,R0lGODlhAQABAAAAACH5BAEKAAEALAAAAAABAAEAAAICTAEAOw==\" style=\"--smush-placeholder-width: 951px; --smush-placeholder-aspect-ratio: 951\/668;\" \/><noscript><img loading=\"lazy\" decoding=\"async\" width=\"951\" height=\"668\" src=\"https:\/\/rvgrup.com\/inmobiliaria\/wp-content\/uploads\/2024\/04\/Zona-Avda-Pearson-\u2013-Juan-de-Alos-1.webp\" class=\"img-responsive wp-post-image\" alt=\"Zona Avda Pearson \u2013 Juan de Al\u00f3s\" srcset=\"https:\/\/rvgrup.com\/inmobiliaria\/wp-content\/uploads\/2024\/04\/Zona-Avda-Pearson-\u2013-Juan-de-Alos-1.webp 951w, https:\/\/rvgrup.com\/inmobiliaria\/wp-content\/uploads\/2024\/04\/Zona-Avda-Pearson-\u2013-Juan-de-Alos-1-300x211.webp 300w, https:\/\/rvgrup.com\/inmobiliaria\/wp-content\/uploads\/2024\/04\/Zona-Avda-Pearson-\u2013-Juan-de-Alos-1-768x539.webp 768w\" sizes=\"(max-width: 951px) 100vw, 951px\" \/><\/noscript>                                        <\/a>\r\n                                    <\/div>\r\n                                    <div class=\"project-content\">\r\n                                        <h3 class=\"title\"><a href=\"https:\/\/rvgrup.com\/inmobiliaria\/promociones\/zona-avenida-pearson\/\">Zona Avenida Pearson<\/a><\/h3>\r\n\r\n                                        \r\n                                    <\/div>\r\n                                <\/div>\r\n                            <\/div>\r\n\r\n                                                    <div class=\"col-lg-4 col-md-6\">\r\n                                <div class=\"project-item\">\r\n                                    <div class=\"project-thumb\">\r\n                                        <a href=\"https:\/\/rvgrup.com\/inmobiliaria\/promociones\/zona-viladecans\/\">\r\n                                            <img loading=\"lazy\" decoding=\"async\" width=\"1100\" height=\"700\" data-src=\"https:\/\/rvgrup.com\/inmobiliaria\/wp-content\/uploads\/2024\/07\/Viladecans-sector-llevant.png\" class=\"img-responsive wp-post-image lazyload\" alt=\"Viladecans-sector-llevant\" data-srcset=\"https:\/\/rvgrup.com\/inmobiliaria\/wp-content\/uploads\/2024\/07\/Viladecans-sector-llevant.png 1100w, https:\/\/rvgrup.com\/inmobiliaria\/wp-content\/uploads\/2024\/07\/Viladecans-sector-llevant-300x191.png 300w, https:\/\/rvgrup.com\/inmobiliaria\/wp-content\/uploads\/2024\/07\/Viladecans-sector-llevant-1024x652.png 1024w, https:\/\/rvgrup.com\/inmobiliaria\/wp-content\/uploads\/2024\/07\/Viladecans-sector-llevant-768x489.png 768w, https:\/\/rvgrup.com\/inmobiliaria\/wp-content\/uploads\/2024\/07\/Viladecans-sector-llevant-700x445.png 700w, https:\/\/rvgrup.com\/inmobiliaria\/wp-content\/uploads\/2024\/07\/Viladecans-sector-llevant-500x318.png 500w\" data-sizes=\"(max-width: 1100px) 100vw, 1100px\" src=\"data:image\/gif;base64,R0lGODlhAQABAAAAACH5BAEKAAEALAAAAAABAAEAAAICTAEAOw==\" style=\"--smush-placeholder-width: 1100px; --smush-placeholder-aspect-ratio: 1100\/700;\" \/><noscript><img loading=\"lazy\" decoding=\"async\" width=\"1100\" height=\"700\" src=\"https:\/\/rvgrup.com\/inmobiliaria\/wp-content\/uploads\/2024\/07\/Viladecans-sector-llevant.png\" class=\"img-responsive wp-post-image\" alt=\"Viladecans-sector-llevant\" srcset=\"https:\/\/rvgrup.com\/inmobiliaria\/wp-content\/uploads\/2024\/07\/Viladecans-sector-llevant.png 1100w, https:\/\/rvgrup.com\/inmobiliaria\/wp-content\/uploads\/2024\/07\/Viladecans-sector-llevant-300x191.png 300w, https:\/\/rvgrup.com\/inmobiliaria\/wp-content\/uploads\/2024\/07\/Viladecans-sector-llevant-1024x652.png 1024w, https:\/\/rvgrup.com\/inmobiliaria\/wp-content\/uploads\/2024\/07\/Viladecans-sector-llevant-768x489.png 768w, https:\/\/rvgrup.com\/inmobiliaria\/wp-content\/uploads\/2024\/07\/Viladecans-sector-llevant-700x445.png 700w, https:\/\/rvgrup.com\/inmobiliaria\/wp-content\/uploads\/2024\/07\/Viladecans-sector-llevant-500x318.png 500w\" sizes=\"(max-width: 1100px) 100vw, 1100px\" \/><\/noscript>                                        <\/a>\r\n                                    <\/div>\r\n                                    <div class=\"project-content\">\r\n                                        <h3 class=\"title\"><a href=\"https:\/\/rvgrup.com\/inmobiliaria\/promociones\/zona-viladecans\/\">Zona Viladecans<\/a><\/h3>\r\n\r\n                                        \r\n                                    <\/div>\r\n                                <\/div>\r\n                            <\/div>\r\n\r\n                                                    <div class=\"col-lg-4 col-md-6\">\r\n                                <div class=\"project-item\">\r\n                                    <div class=\"project-thumb\">\r\n                                        <a href=\"https:\/\/rvgrup.com\/inmobiliaria\/promociones\/zona-tarragona-tarragona\/\">\r\n                                            <img loading=\"lazy\" decoding=\"async\" width=\"1100\" height=\"700\" data-src=\"https:\/\/rvgrup.com\/inmobiliaria\/wp-content\/uploads\/2024\/07\/El-Catllar-Tarragona.png\" class=\"img-responsive wp-post-image lazyload\" alt=\"El Catllar Tarragona\" data-srcset=\"https:\/\/rvgrup.com\/inmobiliaria\/wp-content\/uploads\/2024\/07\/El-Catllar-Tarragona.png 1100w, https:\/\/rvgrup.com\/inmobiliaria\/wp-content\/uploads\/2024\/07\/El-Catllar-Tarragona-300x191.png 300w, https:\/\/rvgrup.com\/inmobiliaria\/wp-content\/uploads\/2024\/07\/El-Catllar-Tarragona-1024x652.png 1024w, https:\/\/rvgrup.com\/inmobiliaria\/wp-content\/uploads\/2024\/07\/El-Catllar-Tarragona-768x489.png 768w, https:\/\/rvgrup.com\/inmobiliaria\/wp-content\/uploads\/2024\/07\/El-Catllar-Tarragona-700x445.png 700w, https:\/\/rvgrup.com\/inmobiliaria\/wp-content\/uploads\/2024\/07\/El-Catllar-Tarragona-500x318.png 500w\" data-sizes=\"(max-width: 1100px) 100vw, 1100px\" src=\"data:image\/gif;base64,R0lGODlhAQABAAAAACH5BAEKAAEALAAAAAABAAEAAAICTAEAOw==\" style=\"--smush-placeholder-width: 1100px; --smush-placeholder-aspect-ratio: 1100\/700;\" \/><noscript><img loading=\"lazy\" decoding=\"async\" width=\"1100\" height=\"700\" src=\"https:\/\/rvgrup.com\/inmobiliaria\/wp-content\/uploads\/2024\/07\/El-Catllar-Tarragona.png\" class=\"img-responsive wp-post-image\" alt=\"El Catllar Tarragona\" srcset=\"https:\/\/rvgrup.com\/inmobiliaria\/wp-content\/uploads\/2024\/07\/El-Catllar-Tarragona.png 1100w, https:\/\/rvgrup.com\/inmobiliaria\/wp-content\/uploads\/2024\/07\/El-Catllar-Tarragona-300x191.png 300w, https:\/\/rvgrup.com\/inmobiliaria\/wp-content\/uploads\/2024\/07\/El-Catllar-Tarragona-1024x652.png 1024w, https:\/\/rvgrup.com\/inmobiliaria\/wp-content\/uploads\/2024\/07\/El-Catllar-Tarragona-768x489.png 768w, https:\/\/rvgrup.com\/inmobiliaria\/wp-content\/uploads\/2024\/07\/El-Catllar-Tarragona-700x445.png 700w, https:\/\/rvgrup.com\/inmobiliaria\/wp-content\/uploads\/2024\/07\/El-Catllar-Tarragona-500x318.png 500w\" sizes=\"(max-width: 1100px) 100vw, 1100px\" \/><\/noscript>                                        <\/a>\r\n                                    <\/div>\r\n                                    <div class=\"project-content\">\r\n                                        <h3 class=\"title\"><a href=\"https:\/\/rvgrup.com\/inmobiliaria\/promociones\/zona-tarragona-tarragona\/\">Zona Tarragona \u2013 Tarragona<\/a><\/h3>\r\n\r\n                                        \r\n                                    <\/div>\r\n                                <\/div>\r\n                            <\/div>\r\n\r\n                                                    <div class=\"col-lg-4 col-md-6\">\r\n                                <div class=\"project-item\">\r\n                                    <div class=\"project-thumb\">\r\n                                        <a href=\"https:\/\/rvgrup.com\/inmobiliaria\/promociones\/zona-sant-vicenc-del-horts-barcelona\/\">\r\n                                            <img loading=\"lazy\" decoding=\"async\" width=\"1100\" height=\"700\" data-src=\"https:\/\/rvgrup.com\/inmobiliaria\/wp-content\/uploads\/2024\/07\/Sant-Vicenc-dels-Horts.png\" class=\"img-responsive wp-post-image lazyload\" alt=\"Sant Vicen\u00e7 dels Horts\" data-srcset=\"https:\/\/rvgrup.com\/inmobiliaria\/wp-content\/uploads\/2024\/07\/Sant-Vicenc-dels-Horts.png 1100w, https:\/\/rvgrup.com\/inmobiliaria\/wp-content\/uploads\/2024\/07\/Sant-Vicenc-dels-Horts-300x191.png 300w, https:\/\/rvgrup.com\/inmobiliaria\/wp-content\/uploads\/2024\/07\/Sant-Vicenc-dels-Horts-1024x652.png 1024w, https:\/\/rvgrup.com\/inmobiliaria\/wp-content\/uploads\/2024\/07\/Sant-Vicenc-dels-Horts-768x489.png 768w, https:\/\/rvgrup.com\/inmobiliaria\/wp-content\/uploads\/2024\/07\/Sant-Vicenc-dels-Horts-700x445.png 700w, https:\/\/rvgrup.com\/inmobiliaria\/wp-content\/uploads\/2024\/07\/Sant-Vicenc-dels-Horts-500x318.png 500w\" data-sizes=\"(max-width: 1100px) 100vw, 1100px\" src=\"data:image\/gif;base64,R0lGODlhAQABAAAAACH5BAEKAAEALAAAAAABAAEAAAICTAEAOw==\" style=\"--smush-placeholder-width: 1100px; --smush-placeholder-aspect-ratio: 1100\/700;\" \/><noscript><img loading=\"lazy\" decoding=\"async\" width=\"1100\" height=\"700\" src=\"https:\/\/rvgrup.com\/inmobiliaria\/wp-content\/uploads\/2024\/07\/Sant-Vicenc-dels-Horts.png\" class=\"img-responsive wp-post-image\" alt=\"Sant Vicen\u00e7 dels Horts\" srcset=\"https:\/\/rvgrup.com\/inmobiliaria\/wp-content\/uploads\/2024\/07\/Sant-Vicenc-dels-Horts.png 1100w, https:\/\/rvgrup.com\/inmobiliaria\/wp-content\/uploads\/2024\/07\/Sant-Vicenc-dels-Horts-300x191.png 300w, https:\/\/rvgrup.com\/inmobiliaria\/wp-content\/uploads\/2024\/07\/Sant-Vicenc-dels-Horts-1024x652.png 1024w, https:\/\/rvgrup.com\/inmobiliaria\/wp-content\/uploads\/2024\/07\/Sant-Vicenc-dels-Horts-768x489.png 768w, https:\/\/rvgrup.com\/inmobiliaria\/wp-content\/uploads\/2024\/07\/Sant-Vicenc-dels-Horts-700x445.png 700w, https:\/\/rvgrup.com\/inmobiliaria\/wp-content\/uploads\/2024\/07\/Sant-Vicenc-dels-Horts-500x318.png 500w\" sizes=\"(max-width: 1100px) 100vw, 1100px\" \/><\/noscript>                                        <\/a>\r\n                                    <\/div>\r\n                                    <div class=\"project-content\">\r\n                                        <h3 class=\"title\"><a href=\"https:\/\/rvgrup.com\/inmobiliaria\/promociones\/zona-sant-vicenc-del-horts-barcelona\/\">Zona Sant Vicen\u00e7 del Horts \u2013 Barcelona<\/a><\/h3>\r\n\r\n                                        \r\n                                    <\/div>\r\n                                <\/div>\r\n                            <\/div>\r\n\r\n                                                    <div class=\"col-lg-4 col-md-6\">\r\n                                <div class=\"project-item\">\r\n                                    <div class=\"project-thumb\">\r\n                                        <a href=\"https:\/\/rvgrup.com\/inmobiliaria\/promociones\/zona-puerto-de-la-torre-malaga\/\">\r\n                                            <img loading=\"lazy\" decoding=\"async\" width=\"1100\" height=\"700\" data-src=\"https:\/\/rvgrup.com\/inmobiliaria\/wp-content\/uploads\/2024\/04\/zona-puerto-de-la-torre.jpg\" class=\"img-responsive wp-post-image lazyload\" alt=\"zona puerto de la torre\" data-srcset=\"https:\/\/rvgrup.com\/inmobiliaria\/wp-content\/uploads\/2024\/04\/zona-puerto-de-la-torre.jpg 1100w, https:\/\/rvgrup.com\/inmobiliaria\/wp-content\/uploads\/2024\/04\/zona-puerto-de-la-torre-300x191.jpg 300w, https:\/\/rvgrup.com\/inmobiliaria\/wp-content\/uploads\/2024\/04\/zona-puerto-de-la-torre-1024x652.jpg 1024w, https:\/\/rvgrup.com\/inmobiliaria\/wp-content\/uploads\/2024\/04\/zona-puerto-de-la-torre-768x489.jpg 768w, https:\/\/rvgrup.com\/inmobiliaria\/wp-content\/uploads\/2024\/04\/zona-puerto-de-la-torre-700x445.jpg 700w, https:\/\/rvgrup.com\/inmobiliaria\/wp-content\/uploads\/2024\/04\/zona-puerto-de-la-torre-500x318.jpg 500w\" data-sizes=\"(max-width: 1100px) 100vw, 1100px\" src=\"data:image\/gif;base64,R0lGODlhAQABAAAAACH5BAEKAAEALAAAAAABAAEAAAICTAEAOw==\" style=\"--smush-placeholder-width: 1100px; --smush-placeholder-aspect-ratio: 1100\/700;\" \/><noscript><img loading=\"lazy\" decoding=\"async\" width=\"1100\" height=\"700\" src=\"https:\/\/rvgrup.com\/inmobiliaria\/wp-content\/uploads\/2024\/04\/zona-puerto-de-la-torre.jpg\" class=\"img-responsive wp-post-image\" alt=\"zona puerto de la torre\" srcset=\"https:\/\/rvgrup.com\/inmobiliaria\/wp-content\/uploads\/2024\/04\/zona-puerto-de-la-torre.jpg 1100w, https:\/\/rvgrup.com\/inmobiliaria\/wp-content\/uploads\/2024\/04\/zona-puerto-de-la-torre-300x191.jpg 300w, https:\/\/rvgrup.com\/inmobiliaria\/wp-content\/uploads\/2024\/04\/zona-puerto-de-la-torre-1024x652.jpg 1024w, https:\/\/rvgrup.com\/inmobiliaria\/wp-content\/uploads\/2024\/04\/zona-puerto-de-la-torre-768x489.jpg 768w, https:\/\/rvgrup.com\/inmobiliaria\/wp-content\/uploads\/2024\/04\/zona-puerto-de-la-torre-700x445.jpg 700w, https:\/\/rvgrup.com\/inmobiliaria\/wp-content\/uploads\/2024\/04\/zona-puerto-de-la-torre-500x318.jpg 500w\" sizes=\"(max-width: 1100px) 100vw, 1100px\" \/><\/noscript>                                        <\/a>\r\n                                    <\/div>\r\n                                    <div class=\"project-content\">\r\n                                        <h3 class=\"title\"><a href=\"https:\/\/rvgrup.com\/inmobiliaria\/promociones\/zona-puerto-de-la-torre-malaga\/\">Zona Puerto de la Torre \u2013 M\u00e1laga<\/a><\/h3>\r\n\r\n                                        \r\n                                    <\/div>\r\n                                <\/div>\r\n                            <\/div>\r\n\r\n                                                    <div class=\"col-lg-4 col-md-6\">\r\n                                <div class=\"project-item\">\r\n                                    <div class=\"project-thumb\">\r\n                                        <a href=\"https:\/\/rvgrup.com\/inmobiliaria\/promociones\/zona-rincon-de-la-victoria-malaga\/\">\r\n                                            <img loading=\"lazy\" decoding=\"async\" width=\"1100\" height=\"700\" data-src=\"https:\/\/rvgrup.com\/inmobiliaria\/wp-content\/uploads\/2024\/07\/Malaga-Rincon.png\" class=\"img-responsive wp-post-image lazyload\" alt=\"Malaga-Rincon de la victoria\" data-srcset=\"https:\/\/rvgrup.com\/inmobiliaria\/wp-content\/uploads\/2024\/07\/Malaga-Rincon.png 1100w, https:\/\/rvgrup.com\/inmobiliaria\/wp-content\/uploads\/2024\/07\/Malaga-Rincon-300x191.png 300w, https:\/\/rvgrup.com\/inmobiliaria\/wp-content\/uploads\/2024\/07\/Malaga-Rincon-1024x652.png 1024w, https:\/\/rvgrup.com\/inmobiliaria\/wp-content\/uploads\/2024\/07\/Malaga-Rincon-768x489.png 768w, https:\/\/rvgrup.com\/inmobiliaria\/wp-content\/uploads\/2024\/07\/Malaga-Rincon-700x445.png 700w, https:\/\/rvgrup.com\/inmobiliaria\/wp-content\/uploads\/2024\/07\/Malaga-Rincon-500x318.png 500w\" data-sizes=\"(max-width: 1100px) 100vw, 1100px\" src=\"data:image\/gif;base64,R0lGODlhAQABAAAAACH5BAEKAAEALAAAAAABAAEAAAICTAEAOw==\" style=\"--smush-placeholder-width: 1100px; --smush-placeholder-aspect-ratio: 1100\/700;\" \/><noscript><img loading=\"lazy\" decoding=\"async\" width=\"1100\" height=\"700\" src=\"https:\/\/rvgrup.com\/inmobiliaria\/wp-content\/uploads\/2024\/07\/Malaga-Rincon.png\" class=\"img-responsive wp-post-image\" alt=\"Malaga-Rincon de la victoria\" srcset=\"https:\/\/rvgrup.com\/inmobiliaria\/wp-content\/uploads\/2024\/07\/Malaga-Rincon.png 1100w, https:\/\/rvgrup.com\/inmobiliaria\/wp-content\/uploads\/2024\/07\/Malaga-Rincon-300x191.png 300w, https:\/\/rvgrup.com\/inmobiliaria\/wp-content\/uploads\/2024\/07\/Malaga-Rincon-1024x652.png 1024w, https:\/\/rvgrup.com\/inmobiliaria\/wp-content\/uploads\/2024\/07\/Malaga-Rincon-768x489.png 768w, https:\/\/rvgrup.com\/inmobiliaria\/wp-content\/uploads\/2024\/07\/Malaga-Rincon-700x445.png 700w, https:\/\/rvgrup.com\/inmobiliaria\/wp-content\/uploads\/2024\/07\/Malaga-Rincon-500x318.png 500w\" sizes=\"(max-width: 1100px) 100vw, 1100px\" \/><\/noscript>                                        <\/a>\r\n                                    <\/div>\r\n                                    <div class=\"project-content\">\r\n                                        <h3 class=\"title\"><a href=\"https:\/\/rvgrup.com\/inmobiliaria\/promociones\/zona-rincon-de-la-victoria-malaga\/\">Zona Rinc\u00f3n de la victoria \u2013 M\u00e1laga<\/a><\/h3>\r\n\r\n                                        \r\n                                    <\/div>\r\n                                <\/div>\r\n                            <\/div>\r\n\r\n                                                    <div class=\"col-lg-4 col-md-6\">\r\n                                <div class=\"project-item\">\r\n                                    <div class=\"project-thumb\">\r\n                                        <a href=\"https:\/\/rvgrup.com\/inmobiliaria\/promociones\/zona-san-andres-de-la-barca-barcelona\/\">\r\n                                            <img loading=\"lazy\" decoding=\"async\" width=\"1100\" height=\"700\" data-src=\"https:\/\/rvgrup.com\/inmobiliaria\/wp-content\/uploads\/2024\/07\/Sant-Andreu-de-la-Barca.png\" class=\"img-responsive wp-post-image lazyload\" alt=\"Sant Andreu de la Barca\" data-srcset=\"https:\/\/rvgrup.com\/inmobiliaria\/wp-content\/uploads\/2024\/07\/Sant-Andreu-de-la-Barca.png 1100w, https:\/\/rvgrup.com\/inmobiliaria\/wp-content\/uploads\/2024\/07\/Sant-Andreu-de-la-Barca-300x191.png 300w, https:\/\/rvgrup.com\/inmobiliaria\/wp-content\/uploads\/2024\/07\/Sant-Andreu-de-la-Barca-1024x652.png 1024w, https:\/\/rvgrup.com\/inmobiliaria\/wp-content\/uploads\/2024\/07\/Sant-Andreu-de-la-Barca-768x489.png 768w, https:\/\/rvgrup.com\/inmobiliaria\/wp-content\/uploads\/2024\/07\/Sant-Andreu-de-la-Barca-700x445.png 700w, https:\/\/rvgrup.com\/inmobiliaria\/wp-content\/uploads\/2024\/07\/Sant-Andreu-de-la-Barca-500x318.png 500w\" data-sizes=\"(max-width: 1100px) 100vw, 1100px\" src=\"data:image\/gif;base64,R0lGODlhAQABAAAAACH5BAEKAAEALAAAAAABAAEAAAICTAEAOw==\" style=\"--smush-placeholder-width: 1100px; --smush-placeholder-aspect-ratio: 1100\/700;\" \/><noscript><img loading=\"lazy\" decoding=\"async\" width=\"1100\" height=\"700\" src=\"https:\/\/rvgrup.com\/inmobiliaria\/wp-content\/uploads\/2024\/07\/Sant-Andreu-de-la-Barca.png\" class=\"img-responsive wp-post-image\" alt=\"Sant Andreu de la Barca\" srcset=\"https:\/\/rvgrup.com\/inmobiliaria\/wp-content\/uploads\/2024\/07\/Sant-Andreu-de-la-Barca.png 1100w, https:\/\/rvgrup.com\/inmobiliaria\/wp-content\/uploads\/2024\/07\/Sant-Andreu-de-la-Barca-300x191.png 300w, https:\/\/rvgrup.com\/inmobiliaria\/wp-content\/uploads\/2024\/07\/Sant-Andreu-de-la-Barca-1024x652.png 1024w, https:\/\/rvgrup.com\/inmobiliaria\/wp-content\/uploads\/2024\/07\/Sant-Andreu-de-la-Barca-768x489.png 768w, https:\/\/rvgrup.com\/inmobiliaria\/wp-content\/uploads\/2024\/07\/Sant-Andreu-de-la-Barca-700x445.png 700w, https:\/\/rvgrup.com\/inmobiliaria\/wp-content\/uploads\/2024\/07\/Sant-Andreu-de-la-Barca-500x318.png 500w\" sizes=\"(max-width: 1100px) 100vw, 1100px\" \/><\/noscript>                                        <\/a>\r\n                                    <\/div>\r\n                                    <div class=\"project-content\">\r\n                                        <h3 class=\"title\"><a href=\"https:\/\/rvgrup.com\/inmobiliaria\/promociones\/zona-san-andres-de-la-barca-barcelona\/\">Zona San Andr\u00e9s de la Barca \u2013 Barcelona<\/a><\/h3>\r\n\r\n                                        \r\n                                    <\/div>\r\n                                <\/div>\r\n                            <\/div>\r\n\r\n                        \r\n                    <\/div>\r\n                <\/div>\r\n\r\n                <div class=\"pagination-wrap\">\r\n                    <nav class=\"project-pagination\" aria-label=\"Page navigation example\">\r\n                        <span aria-current=\"page\" class=\"page-numbers current\">1<\/span>\n<a class=\"page-numbers\" href=\"https:\/\/rvgrup.com\/inmobiliaria\/wp-json\/wp\/v2\/pages\/1277\/page\/2\">2<\/a>\n<a class=\"next page-numbers\" href=\"https:\/\/rvgrup.com\/inmobiliaria\/wp-json\/wp\/v2\/pages\/1277\/page\/2\"><i class=\"fas fa-angle-double-right\"><\/i><\/a>                    <\/nav>\r\n                <\/div>\r\n\r\n            <\/div>\r\n        <\/section>\r\n        <!-- project-area-end -->\r\n\r\n\t\t<\/div>\n\t\t\t\t<\/div>\n\t\t\t\t\t<\/div>\n\t\t<\/div>\n\t\t\t\t\t<\/div>\n\t\t<\/section>\n\t\t\t\t<\/div>\n\t\t","protected":false},"excerpt":{"rendered":"<p>EstadoPromociones en cursoPromociones pendientesPromociones realizadas Tipo de promoci\u00f3nComercialIndustrialParkingViviendas Localizaci\u00f3n de la promoci\u00f3nBala CynwydBarcelonaHospitalet de LlobregatIbizaM\u00e1lagaMontanaNew York CityPasadenaSant Joan Desp\u00edSant Vicen\u00e7 dels HortsSanta MonicaSouth CarolinaTarragonaUnited Arab EmiratesViladecans Zona Marina Botafoch &#8211; Ibiza Zona Viladecans Zona Tarragona \u2013 Tarragona Zona Sant Vicen\u00e7 del Horts \u2013 Barcelona Zona industrial y comercial \u2013 M\u00e1laga Zona Puerto de la Torre [&hellip;]<\/p>\n","protected":false},"author":1,"featured_media":0,"parent":0,"menu_order":0,"comment_status":"closed","ping_status":"closed","template":"elementor_header_footer","meta":{"_acf_changed":false,"footnotes":""},"class_list":["post-1277","page","type-page","status-publish","hentry"],"acf":[],"_links":{"self":[{"href":"https:\/\/rvgrup.com\/inmobiliaria\/wp-json\/wp\/v2\/pages\/1277","targetHints":{"allow":["GET"]}}],"collection":[{"href":"https:\/\/rvgrup.com\/inmobiliaria\/wp-json\/wp\/v2\/pages"}],"about":[{"href":"https:\/\/rvgrup.com\/inmobiliaria\/wp-json\/wp\/v2\/types\/page"}],"author":[{"embeddable":true,"href":"https:\/\/rvgrup.com\/inmobiliaria\/wp-json\/wp\/v2\/users\/1"}],"replies":[{"embeddable":true,"href":"https:\/\/rvgrup.com\/inmobiliaria\/wp-json\/wp\/v2\/comments?post=1277"}],"version-history":[{"count":7,"href":"https:\/\/rvgrup.com\/inmobiliaria\/wp-json\/wp\/v2\/pages\/1277\/revisions"}],"predecessor-version":[{"id":1672,"href":"https:\/\/rvgrup.com\/inmobiliaria\/wp-json\/wp\/v2\/pages\/1277\/revisions\/1672"}],"wp:attachment":[{"href":"https:\/\/rvgrup.com\/inmobiliaria\/wp-json\/wp\/v2\/media?parent=1277"}],"curies":[{"name":"wp","href":"https:\/\/api.w.org\/{rel}","templated":true}]}}